{"id":7404,"date":"2026-04-25T16:21:21","date_gmt":"2026-04-25T13:21:21","guid":{"rendered":"https:\/\/atauni.edu.tr\/calisma-ekonomisi-ve-endustri-iliskileri-bolumu-1\/?page_id=7404"},"modified":"2026-04-25T16:32:07","modified_gmt":"2026-04-25T13:32:07","slug":"ogrenci-degisim-programlari","status":"publish","type":"page","link":"https:\/\/atauni.edu.tr\/calisma-ekonomisi-ve-endustri-iliskileri-bolumu-1\/ogrenci-degisim-programlari\/","title":{"rendered":"\u00d6\u011frenci De\u011fi\u015fim Programlar\u0131"},"content":{"rendered":"\n<h2 class=\"wp-block-heading\">De\u011fi\u015fim Programlar\u0131 Koordinat\u00f6r\u00fc: <\/h2>\n\n\n\n<p><a href=\"https:\/\/avesis.atauni.edu.tr\/seda.yildirim\"><strong>Do\u00e7. Dr. Seda KAYAPALI YILDIRIM<\/strong><\/a><\/p>\n\n\n\n<p>Uluslararas\u0131la\u015fma Atat\u00fcrk \u00dcniversitesi\u2019nin 2024-2028 Stratejik Plan\u0131nda yer alan temel hedeflerden biridir\u00a0<a href=\"https:\/\/docs.google.com\/document\/d\/1vABCI3yoLc0JrXElJx6W-IUihNgzMT5xK7Ksz8xknO4\/edit?usp=sharing\">(EK 1.3.1.a: 2024-2028 Stratejik Plan\u0131)<\/a>. Ayr\u0131ca Atat\u00fcrk \u00dcniversitesi 2024-2028 Uluslararas\u0131la\u015fma Stratejisi ve Eylem Plan\u0131 haz\u0131rlanm\u0131\u015ft\u0131r\u00a0<a href=\"https:\/\/docs.google.com\/document\/d\/12bH98sevA8H4pqpBNx2tSa55Vhb530FL_HW35M63AvE\/edit?usp=sharing\">(EK1.3.1.b: 2024-2028 Uluslararas\u0131la\u015fma Stratejisi ve Eylem Plan\u0131).<\/a>\u00a0\u00c7al\u0131\u015fma Ekonomisi ve End\u00fcstri \u0130li\u015fkileri B\u00f6l\u00fcm\u00fc\u2019nde \u00f6\u011frenci hareketlili\u011fi,\u00a0<strong>Atat\u00fcrk \u00dcniversitesi\u2019nin uluslararas\u0131la\u015fma ve d\u0131\u015f ili\u015fkiler politikas\u0131<\/strong>\u00a0do\u011frultusunda y\u00fcr\u00fct\u00fclen temel e\u011fitim-\u00f6\u011fretim faaliyetlerinden biri olarak ele al\u0131nmaktad\u0131r. \u00dcniversitenin ulusal ve uluslararas\u0131 alanda tan\u0131n\u0131rl\u0131\u011f\u0131n\u0131 art\u0131rma, \u00f6\u011frenci ve personel hareketlili\u011fini yayg\u0131nla\u015ft\u0131rma hedefleri do\u011frultusunda, b\u00f6l\u00fcm \u00f6\u011frencilerinin de\u011fi\u015fim programlar\u0131na kat\u0131l\u0131m\u0131 te\u015fvik edilmektedir.<\/p>\n\n\n\n<p>Bu kapsamda y\u00fcr\u00fct\u00fclen t\u00fcm faaliyetler, \u00fcniversitenin&nbsp;<strong>D\u0131\u015f \u0130li\u015fkiler Ofisi<\/strong>&nbsp;koordinasyonunda ve belirlenen usul ve esaslara uygun olarak ger\u00e7ekle\u015ftirilmektedir.<\/p>\n\n\n\n<p><strong>Politika ve Kurumsal Koordinasyon<\/strong><\/p>\n\n\n\n<p>Atat\u00fcrk \u00dcniversitesi D\u0131\u015f \u0130li\u015fkiler Politikas\u0131 \u00e7er\u00e7evesinde; Erasmus+, Farabi ve Mevl\u00e2na de\u011fi\u015fim programlar\u0131na ili\u015fkin s\u00fcre\u00e7ler merkezi olarak D\u0131\u015f \u0130li\u015fkiler Ofisi taraf\u0131ndan y\u00fcr\u00fct\u00fclmekte, akademik birimler bu s\u00fcre\u00e7leri destekleyici rol \u00fcstlenmektedir. \u00c7al\u0131\u015fma Ekonomisi ve End\u00fcstri \u0130li\u015fkileri B\u00f6l\u00fcm\u00fc, s\u00f6z konusu politikalara uygun \u015fekilde hareket ederek \u00f6\u011frenci hareketlili\u011fi s\u00fcre\u00e7lerini ofis ile e\u015fg\u00fcd\u00fcm i\u00e7erisinde s\u00fcrd\u00fcrmektedir.<\/p>\n\n\n\n<p>B\u00f6l\u00fcm b\u00fcnyesinde g\u00f6revlendirilen b\u00f6l\u00fcm koordinat\u00f6r\u00fc\u00a0<strong>Do\u00e7. Dr. Seda KAYAPALI YILDIRIM<\/strong>\u00a0arac\u0131l\u0131\u011f\u0131yla; ba\u015fvuru ko\u015fullar\u0131, kontenjanlar, akademik takvim ve uygulama esaslar\u0131 \u00f6\u011frencilerle payla\u015f\u0131lmakta, \u00fcniversite genelinde belirlenen standartlara uyum sa\u011flanmaktad\u0131r.<\/p>\n\n\n\n<p><strong>Duyuru ve Bilgilendirme Faaliyetleri<\/strong><\/p>\n\n\n\n<p>\u00d6\u011frenci hareketlili\u011fine ili\u015fkin duyuru ve bilgilendirme faaliyetleri, Atat\u00fcrk \u00dcniversitesi D\u0131\u015f \u0130li\u015fkiler Ofisi taraf\u0131ndan belirlenen takvim do\u011frultusunda d\u00fczenli olarak ger\u00e7ekle\u015ftirilmektedir. Bu kapsamda:<\/p>\n\n\n\n<ul class=\"wp-block-list\">\n<li>De\u011fi\u015fim program\u0131 \u00e7a\u011fr\u0131lar\u0131 ve ba\u015fvuru tarihleri \u00fcniversitenin resm\u00ee web sayfas\u0131 ve kurumsal ileti\u015fim kanallar\u0131 \u00fczerinden ilan edilmekte,<\/li>\n\n\n\n<li>D\u0131\u015f \u0130li\u015fkiler Ofisi taraf\u0131ndan d\u00fczenlenen tan\u0131t\u0131m ve bilgilendirme toplant\u0131lar\u0131na \u00f6\u011frencilerin kat\u0131l\u0131m\u0131 te\u015fvik edilmekte,<\/li>\n\n\n\n<li>B\u00f6l\u00fcm d\u00fczeyinde yap\u0131lan s\u0131n\u0131f i\u00e7i bilgilendirmeler ile \u00f6\u011frencilerin fark\u0131ndal\u0131\u011f\u0131 art\u0131r\u0131lmaktad\u0131r.<\/li>\n<\/ul>\n\n\n\n<p>Bu uygulamalarla \u00f6\u011frencilerin de\u011fi\u015fim programlar\u0131na ili\u015fkin g\u00fcncel ve do\u011fru bilgiye eri\u015fmeleri sa\u011flanmaktad\u0131r.<\/p>\n\n\n\n<p><strong>Erasmus Program\u0131:<\/strong><br>Atat\u00fcrk \u00dcniversitesi Erasmus Program\u0131, \u00f6\u011frencilerin Avrupa\u2019daki anla\u015fmal\u0131 \u00fcniversitelerde bir veya iki d\u00f6nem e\u011fitim almas\u0131na olanak tan\u0131yarak akademik ve k\u00fclt\u00fcrel geli\u015fimlerini desteklemektedir.<\/p>\n\n\n\n<p>ERASMUS program\u0131 ile ilgili detayl\u0131 bilgi edinmek i\u00e7in&nbsp;<a href=\"https:\/\/oia.atauni.edu.tr\/new\/erasmus-bilgi\/\">t\u0131klay\u0131n\u0131z.<\/a><\/p>\n\n\n\n<p><strong>Farabi De\u011fi\u015fim Program\u0131:<\/strong><br>Atat\u00fcrk \u00dcniversitesi Farabi De\u011fi\u015fim Program\u0131, T\u00fcrkiye i\u00e7indeki \u00fcniversiteler aras\u0131nda \u00f6\u011frenci de\u011fi\u015fimini sa\u011flayarak farkl\u0131 akademik ortamlar\u0131n deneyimlenmesine katk\u0131 sunmaktad\u0131r.<\/p>\n\n\n\n<p>FARAB\u0130 de\u011fi\u015fim program\u0131 ile ilgili detayl\u0131 bilgi edinmek i\u00e7in&nbsp;<a href=\"https:\/\/oia.atauni.edu.tr\/new\/farabi-bilgi\/\">t\u0131klay\u0131n\u0131z<\/a>.<\/p>\n\n\n\n<p><strong>Orhun De\u011fi\u015fim Program\u0131:<\/strong><br>Atat\u00fcrk \u00dcniversitesi\u2019nin aktif olarak yer ald\u0131\u011f\u0131 Orhun De\u011fi\u015fim Program\u0131, T\u00fcrk Devletleri Te\u015fkilat\u0131 \u00fcyesi \u00fclkeler aras\u0131nda \u00f6\u011frenci ve akademisyen hareketlili\u011fini te\u015fvik ederek ortak akademik i\u015f birli\u011fini g\u00fc\u00e7lendirmektedir.<\/p>\n\n\n\n<p>ORHUN de\u011fi\u015fim program\u0131 ile ilgili deyal\u0131 bilgi edinmek i\u00e7in&nbsp;<a href=\"https:\/\/oia.atauni.edu.tr\/new\/orhun-bilgi\/\">t\u0131klay\u0131n\u0131z.<\/a><\/p>\n\n\n\n<p><strong>Mevlana De\u011fi\u015fim Program\u0131:<\/strong><br>Atat\u00fcrk \u00dcniversitesi Mevlana De\u011fi\u015fim Program\u0131 kapsam\u0131nda, d\u00fcnyan\u0131n farkl\u0131 b\u00f6lgelerindeki y\u00fcksek\u00f6\u011fretim kurumlar\u0131yla yap\u0131lan i\u015f birlikleri sayesinde \u00f6\u011frenciler k\u00fcresel bir e\u011fitim deneyimi elde etmektedir.<\/p>\n\n\n\n<p>MEVLANA de\u011fi\u015fim program\u0131 ile ilgili detal\u0131 bilgi edinmek i\u00e7in&nbsp;<a href=\"https:\/\/oia.atauni.edu.tr\/new\/mevlana-bilgi\/\">t\u0131klay\u0131n\u0131z<\/a>.<\/p>\n","protected":false},"excerpt":{"rendered":"<p>De\u011fi\u015fim Programlar\u0131 Koordinat\u00f6r\u00fc: Do\u00e7. Dr. Seda KAYAPALI YILDIRIM Uluslararas\u0131la\u015fma Atat\u00fcrk \u00dcniversitesi\u2019nin 2024-2028 Stratejik Plan\u0131nda yer alan temel hedeflerden biridir\u00a0(EK 1.3.1.a: 2024-2028 Stratejik Plan\u0131). Ayr\u0131ca Atat\u00fcrk \u00dcniversitesi 2024-2028 Uluslararas\u0131la\u015fma Stratejisi ve Eylem Plan\u0131 haz\u0131rlanm\u0131\u015ft\u0131r\u00a0(EK1.3.1.b: 2024-2028 Uluslararas\u0131la\u015fma Stratejisi ve Eylem Plan\u0131).\u00a0\u00c7al\u0131\u015fma Ekonomisi ve End\u00fcstri \u0130li\u015fkileri B\u00f6l\u00fcm\u00fc\u2019nde \u00f6\u011frenci hareketlili\u011fi,\u00a0Atat\u00fcrk \u00dcniversitesi\u2019nin uluslararas\u0131la\u015fma ve d\u0131\u015f ili\u015fkiler politikas\u0131\u00a0do\u011frultusunda y\u00fcr\u00fct\u00fclen temel e\u011fitim-\u00f6\u011fretim [&hellip;]<\/p>\n","protected":false},"author":622,"featured_media":0,"parent":0,"menu_order":0,"comment_status":"closed","ping_status":"closed","template":"","meta":{"footnotes":""},"class_list":["post-7404","page","type-page","status-publish","hentry"],"_links":{"self":[{"href":"https:\/\/atauni.edu.tr\/calisma-ekonomisi-ve-endustri-iliskileri-bolumu-1\/wp-json\/wp\/v2\/pages\/7404","targetHints":{"allow":["GET"]}}],"collection":[{"href":"https:\/\/atauni.edu.tr\/calisma-ekonomisi-ve-endustri-iliskileri-bolumu-1\/wp-json\/wp\/v2\/pages"}],"about":[{"href":"https:\/\/atauni.edu.tr\/calisma-ekonomisi-ve-endustri-iliskileri-bolumu-1\/wp-json\/wp\/v2\/types\/page"}],"author":[{"embeddable":true,"href":"https:\/\/atauni.edu.tr\/calisma-ekonomisi-ve-endustri-iliskileri-bolumu-1\/wp-json\/wp\/v2\/users\/622"}],"replies":[{"embeddable":true,"href":"https:\/\/atauni.edu.tr\/calisma-ekonomisi-ve-endustri-iliskileri-bolumu-1\/wp-json\/wp\/v2\/comments?post=7404"}],"version-history":[{"count":4,"href":"https:\/\/atauni.edu.tr\/calisma-ekonomisi-ve-endustri-iliskileri-bolumu-1\/wp-json\/wp\/v2\/pages\/7404\/revisions"}],"predecessor-version":[{"id":7425,"href":"https:\/\/atauni.edu.tr\/calisma-ekonomisi-ve-endustri-iliskileri-bolumu-1\/wp-json\/wp\/v2\/pages\/7404\/revisions\/7425"}],"wp:attachment":[{"href":"https:\/\/atauni.edu.tr\/calisma-ekonomisi-ve-endustri-iliskileri-bolumu-1\/wp-json\/wp\/v2\/media?parent=7404"}],"curies":[{"name":"wp","href":"https:\/\/api.w.org\/{rel}","templated":true}]}}