{"id":7405,"date":"2026-04-25T16:21:21","date_gmt":"2026-04-25T13:21:21","guid":{"rendered":"https:\/\/atauni.edu.tr\/calisma-ekonomisi-ve-endustri-iliskileri-bolumu-1\/?page_id=7405"},"modified":"2026-04-25T16:43:08","modified_gmt":"2026-04-25T13:43:08","slug":"basari-olcutleri","status":"publish","type":"page","link":"https:\/\/atauni.edu.tr\/calisma-ekonomisi-ve-endustri-iliskileri-bolumu-1\/basari-olcutleri\/","title":{"rendered":"Ba\u015far\u0131 \u00d6l\u00e7\u00fctleri"},"content":{"rendered":"\n<h1 class=\"wp-block-heading\"><strong>De\u011ferlendirme S\u00fcreci<\/strong><\/h1>\n\n\n\n<p>Programda yer alan derslerde \u00f6\u011frencilerin ba\u015far\u0131 d\u00fczeyleri, <strong>ba\u011f\u0131l de\u011ferlendirme sistemi (\u00e7an e\u011frisi)<\/strong> ve \u00e7ok bile\u015fenli \u00f6l\u00e7me-de\u011ferlendirme yakla\u015f\u0131m\u0131 \u00e7er\u00e7evesinde belirlenmektedir. Bu sistemde \u00f6\u011frencilerin ba\u015far\u0131lar\u0131, hem bireysel performanslar\u0131 hem de s\u0131n\u0131f\u0131n genel ba\u015far\u0131 d\u00fczeyi dikkate al\u0131narak de\u011ferlendirilmektedir.<\/p>\n\n\n\n<h2 class=\"wp-block-heading\"><strong>Ders \u0130\u00e7i De\u011ferlendirme (S\u0131nav ve Akademik Etkinlikler)<\/strong><\/h2>\n\n\n\n<p>Derslerde ba\u015far\u0131 de\u011ferlendirmesi a\u015fa\u011f\u0131daki \u00f6l\u00e7me ara\u00e7lar\u0131 kullan\u0131larak ger\u00e7ekle\u015ftirilmektedir:<\/p>\n\n\n\n<ul class=\"wp-block-list\">\n<li>Ara s\u0131nav (vize)<\/li>\n\n\n\n<li>Yar\u0131y\u0131l sonu s\u0131nav\u0131 (final)<\/li>\n\n\n\n<li>\u00d6dev \/ proje \u00e7al\u0131\u015fmalar\u0131<\/li>\n\n\n\n<li>K\u0131sa s\u00fcreli s\u0131navlar (quiz)<\/li>\n<\/ul>\n\n\n\n<p>Bu kapsamda:<\/p>\n\n\n\n<ul class=\"wp-block-list\">\n<li><strong>Yar\u0131y\u0131l sonu s\u0131nav\u0131 (final)<\/strong> notu genellikle <strong>%60<\/strong>,<\/li>\n\n\n\n<li><strong>Ara s\u0131nav (vize)<\/strong> notu <strong>%20\u2013%30<\/strong>,<\/li>\n\n\n\n<li><strong>\u00d6devler<\/strong> <strong>%5\u2013%10<\/strong>,<\/li>\n\n\n\n<li><strong>K\u0131sa s\u00fcreli s\u0131navlar<\/strong> ise <strong>%5\u2013%10<\/strong><\/li>\n<\/ul>\n\n\n\n<p>oran\u0131nda ba\u015far\u0131 notuna katk\u0131 sa\u011flamaktad\u0131r.<\/p>\n\n\n\n<p>\u00d6dev ve k\u0131sa s\u00fcreli s\u0131navlar\u0131n kapsam\u0131 ve de\u011ferlendirme \u00f6l\u00e7\u00fctleri, dersin \u00f6\u011frenme \u00e7\u0131kt\u0131lar\u0131 do\u011frultusunda ilgili \u00f6\u011fretim eleman\u0131 taraf\u0131ndan belirlenmektedir.<\/p>\n\n\n\n<h2 class=\"wp-block-heading\"><strong>Ba\u011f\u0131l De\u011ferlendirme Sistemi (\u00c7an E\u011frisi) ve Ba\u015far\u0131 Ko\u015fulu<\/strong><\/h2>\n\n\n\n<p>Programda \u00f6\u011frencilerin ba\u015far\u0131 notlar\u0131, ba\u011f\u0131l de\u011ferlendirme sistemi (\u00e7an e\u011frisi) esas al\u0131narak belirlenmektedir. Bu sistemde \u00f6\u011frencinin harf notu, s\u0131n\u0131f\u0131n genel ba\u015far\u0131 d\u00fczeyi dikkate al\u0131narak hesaplanmaktad\u0131r.<\/p>\n\n\n\n<p>Ancak, \u00f6\u011frencinin ba\u011f\u0131l de\u011ferlendirmeye dahil edilebilmesi i\u00e7in <strong>yar\u0131y\u0131l sonu s\u0131nav\u0131ndan (final) en az 50 puan almas\u0131 zorunludur<\/strong>. Final s\u0131nav\u0131ndan 50 puan\u0131n alt\u0131nda not alan \u00f6\u011frenciler, di\u011fer de\u011ferlendirme bile\u015fenlerinden ald\u0131klar\u0131 puanlar ne olursa olsun ba\u015far\u0131s\u0131z say\u0131lmaktad\u0131r.<\/p>\n\n\n\n<p>Bu uygulama, \u00f6\u011frencilerin dersin temel kazan\u0131mlar\u0131n\u0131 yeterli d\u00fczeyde edinmelerini g\u00fcvence alt\u0131na almak amac\u0131yla uygulanmaktad\u0131r.<\/p>\n\n\n\n<h2 class=\"wp-block-heading\"><strong>Ders D\u0131\u015f\u0131 ve S\u00fcre\u00e7 Temelli De\u011ferlendirme<\/strong><\/h2>\n\n\n\n<p>\u00d6\u011frencilerin ba\u015far\u0131lar\u0131 yaln\u0131zca s\u0131nav performanslar\u0131na g\u00f6re de\u011fil, s\u00fcre\u00e7 i\u00e7erisindeki akademik geli\u015fimleri de dikkate al\u0131narak de\u011ferlendirilmektedir. Bu kapsamda:<\/p>\n\n\n\n<ul class=\"wp-block-list\">\n<li>ara\u015ft\u0131rma ve inceleme \u00f6devleri,<\/li>\n\n\n\n<li>rapor haz\u0131rlama \u00e7al\u0131\u015fmalar\u0131,<\/li>\n\n\n\n<li>s\u0131n\u0131f i\u00e7i sunumlar ve tart\u0131\u015fmalar<\/li>\n<\/ul>\n\n\n\n<p>arac\u0131l\u0131\u011f\u0131yla \u00f6\u011frencilerin analiz, yorumlama, ileti\u015fim ve ele\u015ftirel d\u00fc\u015f\u00fcnme becerileri \u00f6l\u00e7\u00fclmektedir.<\/p>\n\n\n\n<h2 class=\"wp-block-heading\"><strong>Program \u00d6\u011frenme \u00c7\u0131kt\u0131lar\u0131 ile \u0130li\u015fkilendirme<\/strong><\/h2>\n\n\n\n<p>Kullan\u0131lan \u00f6l\u00e7me ve de\u011ferlendirme ara\u00e7lar\u0131, ders \u00f6\u011frenme \u00e7\u0131kt\u0131lar\u0131 arac\u0131l\u0131\u011f\u0131yla program \u00f6\u011frenme \u00e7\u0131kt\u0131lar\u0131 ile ili\u015fkilendirilmekte; \u00f6\u011frencilerin bilgi, beceri ve yetkinlik d\u00fczeyleri sistematik bi\u00e7imde izlenmektedir.<\/p>\n\n\n\n<h2 class=\"wp-block-heading\"><strong>S\u00fcrekli \u0130yile\u015ftirme<\/strong><\/h2>\n\n\n\n<p>Elde edilen de\u011ferlendirme sonu\u00e7lar\u0131 analiz edilerek program \u00f6\u011frenme \u00e7\u0131kt\u0131lar\u0131n\u0131n sa\u011flanma d\u00fczeyi izlenmekte; gerekli g\u00f6r\u00fclen durumlarda ders i\u00e7erikleri, \u00f6\u011fretim y\u00f6ntemleri ve \u00f6l\u00e7me-de\u011ferlendirme s\u00fcre\u00e7lerinde g\u00fcncellemeler yap\u0131lmaktad\u0131r.<\/p>\n","protected":false},"excerpt":{"rendered":"<p>De\u011ferlendirme S\u00fcreci Programda yer alan derslerde \u00f6\u011frencilerin ba\u015far\u0131 d\u00fczeyleri, ba\u011f\u0131l de\u011ferlendirme sistemi (\u00e7an e\u011frisi) ve \u00e7ok bile\u015fenli \u00f6l\u00e7me-de\u011ferlendirme yakla\u015f\u0131m\u0131 \u00e7er\u00e7evesinde belirlenmektedir. Bu sistemde \u00f6\u011frencilerin ba\u015far\u0131lar\u0131, hem bireysel performanslar\u0131 hem de s\u0131n\u0131f\u0131n genel ba\u015far\u0131 d\u00fczeyi dikkate al\u0131narak de\u011ferlendirilmektedir. Ders \u0130\u00e7i De\u011ferlendirme (S\u0131nav ve Akademik Etkinlikler) Derslerde ba\u015far\u0131 de\u011ferlendirmesi a\u015fa\u011f\u0131daki \u00f6l\u00e7me ara\u00e7lar\u0131 kullan\u0131larak ger\u00e7ekle\u015ftirilmektedir: Bu kapsamda: oran\u0131nda [&hellip;]<\/p>\n","protected":false},"author":622,"featured_media":0,"parent":0,"menu_order":0,"comment_status":"closed","ping_status":"closed","template":"","meta":{"footnotes":""},"class_list":["post-7405","page","type-page","status-publish","hentry"],"_links":{"self":[{"href":"https:\/\/atauni.edu.tr\/calisma-ekonomisi-ve-endustri-iliskileri-bolumu-1\/wp-json\/wp\/v2\/pages\/7405","targetHints":{"allow":["GET"]}}],"collection":[{"href":"https:\/\/atauni.edu.tr\/calisma-ekonomisi-ve-endustri-iliskileri-bolumu-1\/wp-json\/wp\/v2\/pages"}],"about":[{"href":"https:\/\/atauni.edu.tr\/calisma-ekonomisi-ve-endustri-iliskileri-bolumu-1\/wp-json\/wp\/v2\/types\/page"}],"author":[{"embeddable":true,"href":"https:\/\/atauni.edu.tr\/calisma-ekonomisi-ve-endustri-iliskileri-bolumu-1\/wp-json\/wp\/v2\/users\/622"}],"replies":[{"embeddable":true,"href":"https:\/\/atauni.edu.tr\/calisma-ekonomisi-ve-endustri-iliskileri-bolumu-1\/wp-json\/wp\/v2\/comments?post=7405"}],"version-history":[{"count":3,"href":"https:\/\/atauni.edu.tr\/calisma-ekonomisi-ve-endustri-iliskileri-bolumu-1\/wp-json\/wp\/v2\/pages\/7405\/revisions"}],"predecessor-version":[{"id":7427,"href":"https:\/\/atauni.edu.tr\/calisma-ekonomisi-ve-endustri-iliskileri-bolumu-1\/wp-json\/wp\/v2\/pages\/7405\/revisions\/7427"}],"wp:attachment":[{"href":"https:\/\/atauni.edu.tr\/calisma-ekonomisi-ve-endustri-iliskileri-bolumu-1\/wp-json\/wp\/v2\/media?parent=7405"}],"curies":[{"name":"wp","href":"https:\/\/api.w.org\/{rel}","templated":true}]}}