{"id":5682,"date":"2021-07-13T10:10:01","date_gmt":"2021-07-13T07:10:01","guid":{"rendered":"https:\/\/portaltest.atauni.edu.tr\/bilgisayar-muhendisligi\/?page_id=5682"},"modified":"2023-05-04T09:55:53","modified_gmt":"2023-05-04T06:55:53","slug":"misyon-vizyon-ve-temel-degerler","status":"publish","type":"page","link":"https:\/\/atauni.edu.tr\/din-sosyolojisi-anabilim-dali\/misyon-vizyon-ve-temel-degerler\/","title":{"rendered":"Misyon, Vizyon ve Temel De\u011ferler"},"content":{"rendered":"\t\t<div data-elementor-type=\"wp-page\" data-elementor-id=\"5682\" class=\"elementor elementor-5682\" data-elementor-post-type=\"page\">\n\t\t\t\t\t\t<section class=\"elementor-section elementor-top-section elementor-element elementor-element-730d320 elementor-section-boxed elementor-section-height-default elementor-section-height-default\" data-id=\"730d320\" data-element_type=\"section\">\n\t\t\t\t\t\t<div class=\"elementor-container elementor-column-gap-default\">\n\t\t\t\t\t<div class=\"elementor-column elementor-col-100 elementor-top-column elementor-element elementor-element-753d0860\" data-id=\"753d0860\" data-element_type=\"column\">\n\t\t\t<div class=\"elementor-widget-wrap\">\n\t\t\t\t\t\t\t<\/div>\n\t\t<\/div>\n\t\t\t\t\t<\/div>\n\t\t<\/section>\n\t\t\t\t<section class=\"elementor-section elementor-top-section elementor-element elementor-element-9be811a elementor-section-boxed elementor-section-height-default elementor-section-height-default\" data-id=\"9be811a\" data-element_type=\"section\">\n\t\t\t\t\t\t<div class=\"elementor-container elementor-column-gap-default\">\n\t\t\t\t\t<div class=\"elementor-column elementor-col-100 elementor-top-column elementor-element elementor-element-1ed847b7\" data-id=\"1ed847b7\" data-element_type=\"column\">\n\t\t\t<div class=\"elementor-widget-wrap elementor-element-populated\">\n\t\t\t\t\t\t<div class=\"elementor-element elementor-element-4ce0d07f elementor-widget elementor-widget-heading\" data-id=\"4ce0d07f\" data-element_type=\"widget\" data-widget_type=\"heading.default\">\n\t\t\t\t<div class=\"elementor-widget-container\">\n\t\t\t\t\t<h2 class=\"elementor-heading-title elementor-size-default\">Misyon, Vizyon ve Temel De\u011ferler<\/h2>\t\t\t\t<\/div>\n\t\t\t\t<\/div>\n\t\t\t\t<div class=\"elementor-element elementor-element-63260862 elementor-widget-divider--view-line elementor-widget elementor-widget-divider\" data-id=\"63260862\" data-element_type=\"widget\" data-widget_type=\"divider.default\">\n\t\t\t\t<div class=\"elementor-widget-container\">\n\t\t\t\t\t\t\t<div class=\"elementor-divider\">\n\t\t\t<span class=\"elementor-divider-separator\">\n\t\t\t\t\t\t<\/span>\n\t\t<\/div>\n\t\t\t\t\t\t<\/div>\n\t\t\t\t<\/div>\n\t\t\t\t\t<\/div>\n\t\t<\/div>\n\t\t\t\t\t<\/div>\n\t\t<\/section>\n\t\t\t\t<section class=\"elementor-section elementor-top-section elementor-element elementor-element-681db8b elementor-section-boxed elementor-section-height-default elementor-section-height-default\" data-id=\"681db8b\" data-element_type=\"section\">\n\t\t\t\t\t\t<div class=\"elementor-container elementor-column-gap-default\">\n\t\t\t\t\t<div class=\"elementor-column elementor-col-100 elementor-top-column elementor-element elementor-element-ad4dac5\" data-id=\"ad4dac5\" data-element_type=\"column\">\n\t\t\t<div class=\"elementor-widget-wrap elementor-element-populated\">\n\t\t\t\t\t\t<div class=\"elementor-element elementor-element-2f96b3d elementor-widget elementor-widget-text-editor\" data-id=\"2f96b3d\" data-element_type=\"widget\" data-widget_type=\"text-editor.default\">\n\t\t\t\t<div class=\"elementor-widget-container\">\n\t\t\t\t\t\t\t\t\t<p class=\"MsoNormal\" style=\"line-height: 115%\"><span style=\"color:#404040\">Din\nSosyolojisi Anabilim Dal\u0131, din ve toplum ili\u015fkisi ve bu ili\u015fkiden ortaya \u00e7\u0131kan sosyal\ntezah\u00fcrlerin sosyolojik y\u00f6ntemlerle deskriptif bir bi\u00e7imde incelendi\u011fi bir\nbilim dal\u0131d\u0131r. Bu anlamda din sosyolojisinin inceledi\u011fi temel alan din de\u011fil\ndinin toplumsal d\u00fczeydeki tezah\u00fcrleridir. Din Sosyolojisi dinin di\u011fer sosyal\ndavran\u0131\u015flarla, gruplarla, kurumlarla, sosyal etkile\u015fim s\u00fcre\u00e7leriyle, sosyal ve\nk\u00fclt\u00fcrel de\u011fi\u015fme ile ili\u015fkisini ve bu ili\u015fkiden do\u011fan sosyal olaylar\u0131, olgular\u0131\nve s\u00fcre\u00e7leri sosyolojik bak\u0131\u015f a\u00e7\u0131s\u0131yla ele al\u0131p incelemektedir. Bu \u00e7er\u00e7evede\ndini sosyal bir fenomen olarak ele alan din sosyolojisinin temel konular\u0131\naras\u0131nda din\/dini ya\u015fam\u0131n toplum \u00fczerindeki etkileri, toplumun\/toplumsal\nya\u015fam\u0131n din\/dini hayat \u00fczerindeki etkileri, dini kurumlar\/\u00f6rg\u00fctler, dini\nyap\u0131lanmalar, dini gruplar, dinin toplumsal de\u011fi\u015fme; modernle\u015fme, k\u00fcreselle\u015fme,\nsek\u00fclerle\u015fme vb. s\u00fcre\u00e7lerle etkile\u015fimi vb <span style=\"background-image: initial;background-position: initial;background-size: initial;background-attachment: initial\">bulunmaktad\u0131r.\n<\/span><\/span><\/p><p>\n\n<\/p><p class=\"MsoNormal\" style=\"line-height: 115%\"><span style=\"background-image: initial;background-position: initial;background-size: initial;background-attachment: initial\">Atat\u00fcrk \u00dcniversitesi \u0130lahiyat Fak\u00fcltesi b\u00fcnyesinde Din\nSosyolojisi Anabilim Dal\u0131nda <\/span><span style=\"color:#404040\">1 Profes\u00f6r ve 1 Ara\u015ft\u0131rma G\u00f6revlisi g\u00f6rev yapmakta\nolup doktora ve y\u00fcksek lisans programlar\u0131 ise aktif bir \u015fekilde devam\netmektedir.&nbsp; Anabilim dal\u0131 lisans\nprogram\u0131nda \u201cDin Sosyolojisi\u201d, \u201cMedya ve Din\u201d dersleri; y\u00fcksek lisans\nprogram\u0131nda \u201cBilgi Sosyolojisi\u201d, \u201cSosyal Bilimlerde Nitel Ara\u015ft\u0131rma Y\u00f6ntemleri\u201d\n\u201cSosyal Tabakala\u015fma ve Din\u201d \u201cKurumlar Sosyolojisi\u201d; doktora program\u0131nda ise\n\u201c\u00c7a\u011fda\u015f Sosyal Teori ve Din\u201d, Postmondern D\u00fcnyada Din\u201d, \u201cSek\u00fclerle\u015fme ve Din\u201d,\n\u201cK\u00fcreselle\u015fme ve Din\u201d dersleri okutulmaktad\u0131r.&nbsp;&nbsp;<\/span><\/p>\t\t\t\t\t\t\t\t<\/div>\n\t\t\t\t<\/div>\n\t\t\t\t\t<\/div>\n\t\t<\/div>\n\t\t\t\t\t<\/div>\n\t\t<\/section>\n\t\t\t\t<\/div>\n\t\t","protected":false},"excerpt":{"rendered":"<p>Misyon, Vizyon ve Temel De\u011ferler Din Sosyolojisi Anabilim Dal\u0131, din ve toplum ili\u015fkisi ve bu ili\u015fkiden ortaya \u00e7\u0131kan sosyal tezah\u00fcrlerin sosyolojik y\u00f6ntemlerle deskriptif bir bi\u00e7imde incelendi\u011fi bir bilim dal\u0131d\u0131r. Bu anlamda din sosyolojisinin inceledi\u011fi temel alan din de\u011fil dinin toplumsal d\u00fczeydeki tezah\u00fcrleridir. Din Sosyolojisi dinin di\u011fer sosyal davran\u0131\u015flarla, gruplarla, kurumlarla, sosyal etkile\u015fim s\u00fcre\u00e7leriyle, sosyal ve [&hellip;]<\/p>\n","protected":false},"author":1,"featured_media":0,"parent":0,"menu_order":0,"comment_status":"closed","ping_status":"closed","template":"elementor_header_footer","meta":{"footnotes":""},"class_list":["post-5682","page","type-page","status-publish","hentry"],"_links":{"self":[{"href":"https:\/\/atauni.edu.tr\/din-sosyolojisi-anabilim-dali\/wp-json\/wp\/v2\/pages\/5682","targetHints":{"allow":["GET"]}}],"collection":[{"href":"https:\/\/atauni.edu.tr\/din-sosyolojisi-anabilim-dali\/wp-json\/wp\/v2\/pages"}],"about":[{"href":"https:\/\/atauni.edu.tr\/din-sosyolojisi-anabilim-dali\/wp-json\/wp\/v2\/types\/page"}],"author":[{"embeddable":true,"href":"https:\/\/atauni.edu.tr\/din-sosyolojisi-anabilim-dali\/wp-json\/wp\/v2\/users\/1"}],"replies":[{"embeddable":true,"href":"https:\/\/atauni.edu.tr\/din-sosyolojisi-anabilim-dali\/wp-json\/wp\/v2\/comments?post=5682"}],"version-history":[{"count":23,"href":"https:\/\/atauni.edu.tr\/din-sosyolojisi-anabilim-dali\/wp-json\/wp\/v2\/pages\/5682\/revisions"}],"predecessor-version":[{"id":6298,"href":"https:\/\/atauni.edu.tr\/din-sosyolojisi-anabilim-dali\/wp-json\/wp\/v2\/pages\/5682\/revisions\/6298"}],"wp:attachment":[{"href":"https:\/\/atauni.edu.tr\/din-sosyolojisi-anabilim-dali\/wp-json\/wp\/v2\/media?parent=5682"}],"curies":[{"name":"wp","href":"https:\/\/api.w.org\/{rel}","templated":true}]}}