{"id":1500,"date":"2022-06-28T06:33:18","date_gmt":"2022-06-28T06:33:18","guid":{"rendered":"https:\/\/oia.atauni.edu.tr\/new\/?page_id=1500"},"modified":"2022-06-28T06:33:18","modified_gmt":"2022-06-28T06:33:18","slug":"mevlana-bilgi","status":"publish","type":"page","link":"https:\/\/atauni.edu.tr\/dis-iliskiler-ofisi\/mevlana-bilgi\/","title":{"rendered":"Mevlana Bilgi"},"content":{"rendered":"\t\t<div data-elementor-type=\"wp-page\" data-elementor-id=\"1500\" class=\"elementor elementor-1500\" data-elementor-post-type=\"page\">\n\t\t\t\t\t\t<section class=\"elementor-section elementor-top-section elementor-element elementor-element-5395261c elementor-section-boxed elementor-section-height-default elementor-section-height-default\" data-id=\"5395261c\" data-element_type=\"section\">\n\t\t\t\t\t\t<div class=\"elementor-container elementor-column-gap-default\">\n\t\t\t\t\t<div class=\"elementor-column elementor-col-100 elementor-top-column elementor-element elementor-element-5dd5f6fe\" data-id=\"5dd5f6fe\" data-element_type=\"column\">\n\t\t\t<div class=\"elementor-widget-wrap elementor-element-populated\">\n\t\t\t\t\t\t<div class=\"elementor-element elementor-element-3a5b3f0 elementor-tabs-view-vertical elementor-widget elementor-widget-tabs\" data-id=\"3a5b3f0\" data-element_type=\"widget\" data-widget_type=\"tabs.default\">\n\t\t\t\t<div class=\"elementor-widget-container\">\n\t\t\t\t\t\t\t<div class=\"elementor-tabs\">\n\t\t\t<div class=\"elementor-tabs-wrapper\" role=\"tablist\" >\n\t\t\t\t\t\t\t\t\t<div id=\"elementor-tab-title-6111\" class=\"elementor-tab-title elementor-tab-desktop-title\" aria-selected=\"true\" data-tab=\"1\" role=\"tab\" tabindex=\"0\" aria-controls=\"elementor-tab-content-6111\" aria-expanded=\"false\">Tan\u0131t\u0131m (\u00d6\u011frenci)<\/div>\n\t\t\t\t\t\t\t\t\t<div id=\"elementor-tab-title-6112\" class=\"elementor-tab-title elementor-tab-desktop-title\" aria-selected=\"false\" data-tab=\"2\" role=\"tab\" tabindex=\"-1\" aria-controls=\"elementor-tab-content-6112\" aria-expanded=\"false\">Mevlana Rehberi ve Evraklar (\u00d6\u011frenci)<\/div>\n\t\t\t\t\t\t\t\t\t<div id=\"elementor-tab-title-6113\" class=\"elementor-tab-title elementor-tab-desktop-title\" aria-selected=\"false\" data-tab=\"3\" role=\"tab\" tabindex=\"-1\" aria-controls=\"elementor-tab-content-6113\" aria-expanded=\"false\">Proje Tabanl\u0131 Mevlana (\u00d6\u011fretim \u00dcyesi)<\/div>\n\t\t\t\t\t\t\t\t\t<div id=\"elementor-tab-title-6114\" class=\"elementor-tab-title elementor-tab-desktop-title\" aria-selected=\"false\" data-tab=\"4\" role=\"tab\" tabindex=\"-1\" aria-controls=\"elementor-tab-content-6114\" aria-expanded=\"false\">Anla\u015fmalar<\/div>\n\t\t\t\t\t\t\t\t\t<div id=\"elementor-tab-title-6115\" class=\"elementor-tab-title elementor-tab-desktop-title\" aria-selected=\"false\" data-tab=\"5\" role=\"tab\" tabindex=\"-1\" aria-controls=\"elementor-tab-content-6115\" aria-expanded=\"false\">Mevlana Koordinat\u00f6rler<\/div>\n\t\t\t\t\t\t\t\t\t<div id=\"elementor-tab-title-6116\" class=\"elementor-tab-title elementor-tab-desktop-title\" aria-selected=\"false\" data-tab=\"6\" role=\"tab\" tabindex=\"-1\" aria-controls=\"elementor-tab-content-6116\" aria-expanded=\"false\">Mevlana S.S.S.<\/div>\n\t\t\t\t\t\t\t<\/div>\n\t\t\t<div class=\"elementor-tabs-content-wrapper\" role=\"tablist\" aria-orientation=\"vertical\">\n\t\t\t\t\t\t\t\t\t<div class=\"elementor-tab-title elementor-tab-mobile-title\" aria-selected=\"true\" data-tab=\"1\" role=\"tab\" tabindex=\"0\" aria-controls=\"elementor-tab-content-6111\" aria-expanded=\"false\">Tan\u0131t\u0131m (\u00d6\u011frenci)<\/div>\n\t\t\t\t\t<div id=\"elementor-tab-content-6111\" class=\"elementor-tab-content elementor-clearfix\" data-tab=\"1\" role=\"tabpanel\" aria-labelledby=\"elementor-tab-title-6111\" tabindex=\"0\" hidden=\"false\"><div class=\"bd-row row-0 n-2 lv-3 first clearfix\"><div class=\"items-wrapper items-inside index-1 first\"><div class=\"item-inner stpb-heading\"><h5 class=\" align-default\">Mevlana De\u011fi\u015fim Program\u0131\u2019na Kimler Kat\u0131labilir?<\/h5><\/div><\/div><\/div><div class=\"bd-row row-1 n-2 lv-3 last clearfix\"><div class=\"items-wrapper items-inside index-2 last\"><div class=\"item-inner stpb-text\"><div class=\"item-text-wrapper text-default no-effect\"><p>Mevlana De\u011fi\u015fim Program\u0131 kapsam\u0131nda \u00f6\u011frenci de\u011fi\u015fimine, T\u00fcrkiye\u2019deki b\u00fct\u00fcn y\u00fcksek\u00f6\u011fretim kurumlar\u0131nda (Mevlana De\u011fi\u015fim Program\u0131 Protokol\u00fc imzalam\u0131\u015f olan y\u00fcksek\u00f6\u011fretim kurumlar\u0131nda) \u00f6rg\u00fcn e\u011fitim programlar\u0131na kay\u0131tl\u0131 \u00f6n lisans, lisans, y\u00fcksek lisans ve doktora \u00f6\u011frencileri kat\u0131labilirler.<\/p><p>Ayr\u0131ca, Mevlana De\u011fi\u015fim Program\u0131 Protokol\u00fc imzalayan yurt i\u00e7i ve yurt d\u0131\u015f\u0131 y\u00fcksek\u00f6\u011fretim kurumlar\u0131nda g\u00f6rev yapan t\u00fcm \u00f6\u011fretim elemanlar\u0131 da Mevlana De\u011fi\u015fim Program\u0131\u2019na kat\u0131labilirler.<\/p><\/div><div class=\"bd-row row-0 n-6 lv-3 first clearfix\"><div class=\"items-wrapper items-inside index-1 first\"><div class=\"item-inner stpb-heading\"><h5 class=\" align-default\">\u00d6\u011frenci Se\u00e7im Kriterleri<\/h5><\/div><\/div><\/div><div class=\"bd-row row-1 n-6 lv-3 clearfix\"><div class=\"items-wrapper items-inside index-2\"><div class=\"item-inner stpb-text\"><div class=\"item-text-wrapper text-default no-effect\"><p>Mevlana De\u011fi\u015fim Program\u0131 \u00f6\u011frencisi olmak i\u00e7in temel ko\u015fullar birka\u00e7 ba\u015fl\u0131k alt\u0131nda toplanabilir:<\/p><ul><li>\u00d6\u011frencinin, \u00f6rg\u00fcn e\u011fitim verilen y\u00fcksek\u00f6\u011fretim programlar\u0131nda kay\u0131tl\u0131 \u00f6n lisans, lisans, y\u00fck<br \/>sek lisans veya doktora \u00f6\u011frencisi olmas\u0131,<\/li><li>\u00d6n lisans ve lisans \u00f6\u011frencilerinin genel akademik not ortalamas\u0131n\u0131n d\u00f6rt \u00fczerinden en az iki bu\u00e7uk olmas\u0131,<\/li><li>Y\u00fcksek lisans ve doktora \u00f6\u011frencilerinin genel akademik not ortalamas\u0131n\u0131n d\u00f6rt \u00fczerinden en az \u00fc\u00e7 olmas\u0131.<\/li><li>%50 dil puan\u0131 + %50 Not Ortalamas\u0131<\/li><li>\u00d6n lisans ve lisans programlar\u0131n\u0131n haz\u0131rl\u0131k ve birinci s\u0131n\u0131f\u0131nda okuyan \u00f6\u011frenciler ile haz\u0131rl\u0131k<br \/>ve bilimsel haz\u0131rl\u0131k d\u00f6nemlerinde bulunan y\u00fcksek lisans ve doktora \u00f6\u011frencileri, esas e\u011fitime<br \/>ba\u015flad\u0131klar\u0131 ilk yar\u0131y\u0131l i\u00e7in bu programdan faydalanamazlar<\/li><\/ul><\/div><div class=\"bd-row row-2 n-6 lv-3 clearfix\"><div class=\"items-wrapper items-inside index-3\"><div class=\"item-inner stpb-heading\"><h5 class=\" align-default\">Ne Zaman Ba\u015fvurulabilir?<\/h5><\/div><\/div><\/div><div class=\"bd-row row-3 n-6 lv-3 clearfix\"><div class=\"items-wrapper items-inside index-4\"><div class=\"item-inner stpb-text\"><div class=\"item-text-wrapper text-default no-effect\"><p>Tarihleri Y\u00d6K her y\u0131l belirledi\u011fi i\u00e7in kesin bir tarih veremiyoruz ama genelde mart ay\u0131 sonu ve nisan ay\u0131 ba\u015flang\u0131c\u0131nda oluyor. Kesin tarihler belli oldu\u011funda siteden duyuru yap\u0131yoruz.<\/p><\/div><\/div><div class=\"clear\">\u00a0<\/div><\/div><\/div><div class=\"bd-row row-4 n-6 lv-3 clearfix\"><div class=\"items-wrapper items-inside index-5\"><div class=\"item-inner stpb-heading\"><h5 class=\" align-default\">Ne Zaman Gidilebilir?<\/h5><\/div><\/div><\/div><div class=\"bd-row row-5 n-6 lv-3 last clearfix\"><div class=\"items-wrapper items-inside index-6 last\"><div class=\"item-inner stpb-text\"><div class=\"item-text-wrapper text-default no-effect\"><p>\u00d6\u011frenci \u00f6\u011frenim protokol\u00fcn\u00fc 2 d\u00f6nemde yapabilir. Tek d\u00f6nem (g\u00fcz ya da bahar) ya da iki d\u00f6nemde (g\u00fcz+bahar) yapabilir. Gidi\u015fini de ona g\u00f6re ayarlar.<\/p><\/div><\/div><\/div><\/div><div class=\"bd-row row-0 n-5 lv-3 first clearfix\"><div class=\"items-wrapper items-inside index-1 first\"><div class=\"item-inner stpb-heading\"><h5 class=\" align-default\">\u00d6\u011frenciye Ne Kadar Hibe Verilir?<\/h5><\/div><\/div><\/div><div class=\"bd-row row-1 n-5 lv-3 clearfix\"><div class=\"items-wrapper items-inside index-2\"><div class=\"item-inner stpb-text\"><div class=\"item-text-wrapper text-default no-effect\"><p>Giden \u00f6\u011frencinin burs miktar\u0131 gitti\u011fi \u00fclkeye g\u00f6re de\u011fi\u015fiklik g\u00f6sterir ve her y\u0131l de\u011fi\u015fiklik g\u00f6sterebilir. Bu y\u0131l en az miktar 1400 TL en fazla 1650 TL\u2019dir. Bunun %80 pe\u015fin %20 d\u00f6nd\u00fc\u011f\u00fcnde transkriptindeki ba\u015far\u0131 oran\u0131na g\u00f6re verilir.<\/p><p>Gelen \u00f6\u011frenciye ise yine Y\u00d6K\u2019\u00fcn belirlemi\u015f oldu\u011fu ve her y\u0131l de\u011fi\u015fiklik g\u00f6steren burslar %80 i pe\u015fin %20 si d\u00f6nem sonunda ba\u015far\u0131 oran\u0131na g\u00f6re verilir. Bu y\u0131l ise gelen \u00f6\u011frenciye verilecek burs miktar\u0131 1300 TL dir.<\/p><\/div><div class=\"bd-row row-2 n-5 lv-3 clearfix\"><div class=\"items-wrapper items-inside index-3\"><div class=\"item-inner stpb-heading\"><h5 class=\" align-default\">Hangi \u00dclkelere Gidilebilir?<\/h5><\/div><\/div><\/div><div class=\"bd-row row-3 n-5 lv-3 clearfix\"><div class=\"items-wrapper items-inside index-4\"><div class=\"item-inner stpb-table\"><table class=\"table pricing table-hover table-bordered\"><tbody><tr class=\"default\"><td class=\"default\">ABD<\/td><td class=\"default\">G\u00fcney Kore<\/td><td class=\"default\">Rusya<\/td><td class=\"default\">Bosna Hersek<\/td><\/tr><tr class=\"default\"><td class=\"default\">Da\u011fistan<\/td><td class=\"default\">G\u00fcrcistan<\/td><td class=\"default\">Hindistan<\/td><td class=\"default\">K\u0131rg\u0131zistan<\/td><\/tr><tr class=\"default\"><td class=\"default\">Malezya<\/td><td class=\"default\">Meksika<\/td><td class=\"default\">Pakistan<\/td><td class=\"default\">Mo\u011folistan<\/td><\/tr><tr class=\"default\"><td class=\"default\">Sudan<\/td><td class=\"default\">Ukrayna<\/td><td class=\"default\">\u0130ran<\/td><td class=\"default\">Fas<\/td><\/tr><tr class=\"default\"><td class=\"default\">\u0130srail<\/td><td class=\"default\">\u00dcrd\u00fcn<\/td><td class=\"default\">Kazakistan<\/td><td class=\"default\">Kolombiya<\/td><\/tr><tr class=\"default\"><td class=\"default\">Uganda<\/td><td class=\"default\">Yemen<\/td><td class=\"default\">Azerbaycan<\/td><\/tr><\/tbody><\/table><\/div><\/div><ul><li>Detayl\u0131 liste(\u00fcniversite, kontenjan) i\u00e7in\u00a0<a href=\"https:\/\/obs.atauni.edu.tr\/moduller\/login\/degisimOia\/mevlanUniversiteler\">t\u0131klay\u0131n\u0131z<\/a><\/li><li>Mevlana temel bilgiler sayfas\u0131 i\u00e7in <a href=\"https:\/\/mevlana.yok.gov.tr\/temel-bilgiler\">t\u0131klay\u0131n\u0131z.<\/a><\/li><li>Mevlana Y\u00f6netmelik (Y\u00d6K) i\u00e7in\u00a0<a href=\"https:\/\/oia.atauni.edu.tr\/new\/wp-content\/uploads\/2024\/02\/Mevlana_Yonetmelik_002.PDF.pdf\">t\u0131klay\u0131n\u0131z.<\/a><\/li><li>Mevlana Y\u00d6K Y\u00fcr\u00fctme Kurulu Durdurma Karar\u0131 i\u00e7in <a href=\"https:\/\/oia.atauni.edu.tr\/new\/wp-content\/uploads\/2024\/02\/2022-2023-mevlana-durdurma-karari.pdf\">t\u0131klay\u0131n\u0131z.<\/a><\/li><\/ul><p>Atat\u00fcrk \u00dcniversitesi \u00d6\u011frenci De\u011fi\u015fim Programlar\u0131 Uygulama Esaslar\u0131 i\u00e7in <a href=\"https:\/\/oia.atauni.edu.tr\/new\/wp-content\/uploads\/2024\/02\/Ogrenci-Degisim-Programlari-Uygulama-Esaslari-1.pdf\" target=\"_blank\" rel=\"noopener\">t\u0131klay\u0131n\u0131z.<\/a><\/p><\/div><\/div><\/div><\/div><\/div><\/div><\/div><\/div><\/div><\/div><\/div>\n\t\t\t\t\t\t\t\t\t<div class=\"elementor-tab-title elementor-tab-mobile-title\" aria-selected=\"false\" data-tab=\"2\" role=\"tab\" tabindex=\"-1\" aria-controls=\"elementor-tab-content-6112\" aria-expanded=\"false\">Mevlana Rehberi ve Evraklar (\u00d6\u011frenci)<\/div>\n\t\t\t\t\t<div id=\"elementor-tab-content-6112\" class=\"elementor-tab-content elementor-clearfix\" data-tab=\"2\" role=\"tabpanel\" aria-labelledby=\"elementor-tab-title-6112\" tabindex=\"0\" hidden=\"hidden\"><div class=\"bd-row row-0 n-4 lv-1 first row clearfix\"><div class=\"items-wrapper columns-inside row\"><div class=\" builder-column col-lg-12 col-md-12 col-sm-12 twelve index-1 last first \"><div class=\" no-effect custom-settings settings-col has-custom alt-bg\"><div class=\"items-wrapper items-inside index-1 first last\"><div class=\"item-inner stpb-table\"><table class=\"table pricing table-hover table-bordered\"><tbody><tr class=\"highlight\"><td class=\"default\">\u00a0<\/td><td class=\"default blank\"><b>Ba\u015fvuru S\u00fcreci<\/b><\/td><\/tr><tr class=\"highlight\"><td class=\"default blank\">\u00a0<\/td><td class=\"default\">Ba\u015fvuru a\u015famas\u0131nda gerekli belgeler ve ad\u0131m ad\u0131m yap\u0131lmas\u0131 gerekenler<\/td><td class=\"default blank\">\u00a0<\/td><\/tr><tr class=\"default\"><td class=\"default\">1.<\/td><td class=\"default\">Yabanc\u0131 Dil Belgesi (E\u011fer YDS vb. kabul edilen belge yoksa ATASEM s\u0131nav\u0131na girilmelidir. Mevlana ba\u015fvuru ekran\u0131nda ATASEM se\u00e7ene\u011fini se\u00e7meniz halinde s\u0131nav ba\u015fvurusunu da yapm\u0131\u015f olursunuz.)<\/td><td class=\"default\"><a href=\"https:\/\/oia.atauni.edu.tr\/basvurular\/\">ATASEM S\u0131nav Ba\u015fvurusu<\/a><\/td><\/tr><tr class=\"default\"><td class=\"default\">2.<\/td><td class=\"default\">Online Ba\u015fvuru ve Tercihler (OBS \u00fczerinden online ba\u015fvuru yap\u0131l\u0131r)<\/td><td class=\"default\"><a href=\"https:\/\/oia.atauni.edu.tr\/basvurular\/\">Ba\u015fvuru<\/a><\/td><\/tr><\/tbody><\/table><\/div><div class=\"clear\">\u00a0<\/div><\/div><\/div><\/div><\/div><\/div><div class=\"bd-row row-1 n-4 lv-1 row clearfix\"><div class=\"items-wrapper columns-inside row\"><div class=\" builder-column col-lg-12 col-md-12 col-sm-12 twelve index-1 last first \"><div class=\" no-effect custom-settings settings-col has-custom alt-bg\"><div class=\"items-wrapper items-inside index-1 first last\"><div class=\"item-inner stpb-table\"><table class=\"table pricing table-hover table-bordered\"><tbody><tr class=\"highlight\"><td class=\"default blank\">\u00a0<\/td><td class=\"default\"><b>Ba\u015fvuru Kabul Edildikten Sonra<\/b><\/td><td class=\"default blank\">\u00a0<\/td><\/tr><tr class=\"default\"><td class=\"default\">1<\/td><td class=\"default\">\u00d6\u011frenci Ba\u015fvuru Formu B\u00f6l\u00fcm Mevlana Koordinat\u00f6r\u00fc OBS ekran\u0131ndan al\u0131nmaktad\u0131r.<\/td><td class=\"default\">\u00d6\u011frenci Ba\u015fvuru Formu<\/td><\/tr><tr class=\"default\"><td class=\"default\">2<\/td><td class=\"default\">\u00d6\u011frenci Ba\u015fvuru Formu B\u00f6l\u00fcm Mevlana Koordinat\u00f6r\u00fc OBS ekran\u0131ndan al\u0131nmaktad\u0131r.<\/td><td class=\"default\">\u00d6\u011frenci Bilgi Formu<\/td><\/tr><tr class=\"default\"><td class=\"default\">3<\/td><td class=\"default\">\u00d6\u011frenci kabul belgesi (Kar\u015f\u0131 taraf\u0131n imzalay\u0131p g\u00f6ndermesi gerekiyor.)<\/td><td class=\"default\"><a href=\"https:\/\/oia.atauni.edu.tr\/new\/wp-content\/uploads\/2024\/02\/mevlana-ogrenci_kabul_belgesi.docx\">\u00d6\u011frenim Kabul Belgesi \u0130ndir<\/a><\/td><\/tr><tr class=\"default\"><td class=\"default\">4<\/td><td class=\"default\">\u00d6\u011frenim Protokol\u00fc (Ders E\u015fde\u011ferlilik Formu) b\u00f6l\u00fcm mevlana koordinat\u00f6r\u00fcn\u00fczle birlikte sisteme aktar\u0131p \u00e7\u0131kt\u0131s\u0131n\u0131 almal\u0131 ve gerekli imzalar\u0131 att\u0131rman\u0131z gerekmektedir.<\/td><td class=\"default\">\u00d6\u011frenim Protokol\u00fc (B\u00f6l\u00fcm Mevlana Koordinat\u00f6r\u00fc OBS Sisteminden Yap\u0131l\u0131r)<\/td><\/tr><tr class=\"default\"><td class=\"default\">5<\/td><td class=\"default\">Y\u00fck\u00fcml\u00fcl\u00fck S\u00f6zle\u015fmesi B\u00f6l\u00fcm Mevlana Koordinat\u00f6r\u00fc OBS Sisteminden Al\u0131nacak (Belgedeki IBAN numaras\u0131n\u0131n do\u011fru oldu\u011funa dikkat ediniz.)<\/td><td class=\"default\">Y\u00fck\u00fcml\u00fcl\u00fck S\u00f6zle\u015fmesi<\/td><\/tr><\/tbody><\/table><\/div><div class=\"clear\">\u00a0<\/div><\/div><\/div><\/div><\/div><\/div><div class=\"bd-row row-2 n-4 lv-1 row clearfix\"><div class=\"items-wrapper columns-inside row\"><div class=\" builder-column col-lg-12 col-md-12 col-sm-12 twelve index-1 last first \"><div class=\" no-effect custom-settings settings-col has-custom alt-bg\"><div class=\"items-wrapper items-inside index-1 first last\"><div class=\"item-inner stpb-table\"><table class=\"table pricing table-hover table-bordered\"><tbody><tr class=\"highlight\"><td class=\"default blank\">\u00a0<\/td><td class=\"default\"><b>\u00d6\u011frencili\u011fi S\u00fcrecinde Yap\u0131lacaklar<\/b><\/td><td class=\"default blank\">\u00a0<\/td><\/tr><tr class=\"default\"><td class=\"default\">1.<\/td><td class=\"default\">Kat\u0131l\u0131m belgesi (D\u00f6n\u00fc\u015f yapmadan \u00f6nce kar\u015f\u0131 \u00fcniversiteden al\u0131narak, d\u00f6n\u00fc\u015fte ofise getirilmeli)<\/td><td class=\"default\"><a href=\"https:\/\/oia.atauni.edu.tr\/new\/wp-content\/uploads\/2024\/02\/mevlana-ogrenci-katilim-belgesi1.docx\">Kat\u0131l\u0131m Belgesi \u0130ndir<\/a><\/td><\/tr><\/tbody><\/table><\/div><\/div><\/div><\/div><div class=\"clear\">\u00a0<\/div><\/div><\/div><div class=\"bd-row row-3 n-4 lv-1 last row clearfix\"><div class=\"items-wrapper columns-inside row\"><div class=\" builder-column col-lg-12 col-md-12 col-sm-12 twelve index-1 last first \"><div class=\" no-effect custom-settings settings-col has-custom alt-bg\"><div class=\"items-wrapper items-inside index-1 first last\"><div class=\"item-inner stpb-table\"><table class=\"table pricing table-hover table-bordered\"><tbody><tr class=\"highlight\"><td class=\"default blank\">\u00a0<\/td><td class=\"default\"><b>D\u00f6n\u00fc\u015fte Yap\u0131lacaklar<\/b><\/td><td class=\"default blank\">\u00a0<\/td><\/tr><tr class=\"default\"><td class=\"default\">1.<\/td><td class=\"default\">Nihai Rapor \u00f6nem ve ciddiyetle doldurulmas\u0131 gerekmektedir.<\/td><td class=\"default\"><a href=\"https:\/\/web.archive.org\/web\/20210413081909\/https:\/\/oia.atauni.edu.tr\/wp-content\/uploads\/yuklemeler\/evraklar\/mevlana\/ogrenci\/Ogrenci_Nihai_Raporu.doc\">Nihai Rapor \u0130ndir<\/a><\/td><\/tr><\/tbody><\/table><\/div><\/div><\/div><\/div><\/div><\/div><\/div>\n\t\t\t\t\t\t\t\t\t<div class=\"elementor-tab-title elementor-tab-mobile-title\" aria-selected=\"false\" data-tab=\"3\" role=\"tab\" tabindex=\"-1\" aria-controls=\"elementor-tab-content-6113\" aria-expanded=\"false\">Proje Tabanl\u0131 Mevlana (\u00d6\u011fretim \u00dcyesi)<\/div>\n\t\t\t\t\t<div id=\"elementor-tab-content-6113\" class=\"elementor-tab-content elementor-clearfix\" data-tab=\"3\" role=\"tabpanel\" aria-labelledby=\"elementor-tab-title-6113\" tabindex=\"0\" hidden=\"hidden\"><p>Proje Tabanl\u0131 Mevlana ile Y\u00d6K taraf\u0131ndan belirlenen \u00fclkeler ve konularda proje yap\u0131larak \u00f6\u011frenci ve \u00f6\u011fretim \u00fcyelerine y\u00f6nelik de\u011fi\u015fimlerde proje kapsam\u0131nda destek sa\u011flanmaktad\u0131r.<\/p><p align=\"justify\"><strong>Mevlana Projeleri ile \u0130lgili \u00d6nemli Hususlar:<\/strong><\/p><p align=\"justify\"><strong>1.<\/strong>Mevlana Projelerini di\u011fer bilimsel projelerden ay\u0131ran en \u00f6nemli fark, projelerin ger\u00e7ekle\u015ftirilebilmesi i\u00e7in sadece hareketlilik (gidi\u015f-geli\u015f) esnas\u0131nda olu\u015fan masraflar i\u00e7in destek vermesidir. Mevlana projesinin hedefledi\u011fi temel unsur, bilimsel yetkinli\u011fi ve donan\u0131mlar\u0131 haz\u0131r olan kurulu\u015flar\u0131n bu kapasitelerini ortakla\u015fa kullanabilmelerine imkan sa\u011flamak i\u00e7in gereken gidi\u015f-geli\u015f ve di\u011fer \u00fclkede \u00e7al\u0131\u015fmalar\u0131 s\u0131ras\u0131nda konaklamalar\u0131 i\u00e7in gereken masraflar\u0131 kar\u015f\u0131lamakt\u0131r.<\/p><p align=\"justify\"><strong>2.\u00a0<\/strong>Mevlana projeleri de di\u011fer bilimsel projelerde oldu\u011fu gibi, projenin hem s\u00fcreci hem de sonucuna ili\u015fkin ayr\u0131nt\u0131l\u0131 bilgileri i\u00e7eren bir ba\u015fvuru formunun doldurulmas\u0131n\u0131 ve proje sonunda faydal\u0131 bilimsel \u00e7\u0131kt\u0131lar olu\u015fmas\u0131n\u0131 gerektirir.<\/p><p align=\"justify\"><strong>3.\u00a0<\/strong>Dikkat edilmesi gereken en \u00f6nemli noktalardan biri de sadece \u00f6\u011fretim \u00fcyesi hareketlili\u011fini i\u00e7eren projelerin desteklenme \u015fans\u0131n\u0131n \u00e7ok az oldu\u011fudur. Projelerin kar\u015f\u0131l\u0131kl\u0131 olarak hem \u00f6\u011frenci hem de \u00f6\u011fretim \u00fcyesi de\u011fi\u015fimini ger\u00e7ekle\u015ftirecek \u015fekilde planlanmas\u0131 ve \u00f6nerilmesi gerekmektedir.<\/p><p align=\"justify\"><strong>4.\u00a0<\/strong>Projeler neredeyse b\u00fct\u00fcn d\u00fcnya \u00fclkeleriyle ger\u00e7ekle\u015ftirilebilmektedir. Proje yap\u0131labilen \u00fclke listesine ula\u015fmak i\u00e7in\u00a0<a href=\"https:\/\/web.archive.org\/web\/20210413070101\/https:\/\/oia.atauni.edu.tr\/wp-content\/uploads\/yuklemeler\/%C3%BClkeler-2016.pdf\">t\u0131klay\u0131n\u0131z<\/a>.<\/p><p align=\"justify\"><strong>5.\u00a0<\/strong>Projeler sadece Y\u00d6K taraf\u0131ndan belirlenen konu ba\u015fl\u0131klar\u0131nda yap\u0131labilmektedir. Y\u00d6K\u2019\u00fcn ilgili karar\u0131na ve Proje konu ba\u015fl\u0131klar\u0131na ula\u015fmak i\u00e7in\u00a0<a href=\"https:\/\/web.archive.org\/web\/20210413070101\/https:\/\/oia.atauni.edu.tr\/wp-content\/uploads\/2018\/02\/2018-2019-Proje-Tabanl%C4%B1-Mevlana-Program%C4%B1-Alan_Kodlari.docx\">t\u0131klay\u0131n\u0131z<\/a>.<\/p><p align=\"justify\"><strong>6.\u00a0<\/strong>Proje yap\u0131lacak yurt d\u0131\u015f\u0131ndaki \u00fcniversite ile Mevlana anla\u015fmam\u0131z olmas\u0131 gerekmektedir.<a href=\"https:\/\/web.archive.org\/web\/20210413070101\/https:\/\/oia.atauni.edu.tr\/mevlana-anlasmalar-kontenjanlar\/\">\u00a0(G\u00fcncel anla\u015fma listesi)\u00a0<\/a>E\u011fer proje yapmak istedi\u011finiz \u00fcniversite ile anla\u015fmam\u0131z yoksa, anla\u015fma s\u00fcrecinin ba\u015flat\u0131labilmesi i\u00e7in d\u0131\u015f ili\u015fkiler ofisi ile ileti\u015fime ge\u00e7ilmesi gerekmektedir. Anla\u015fma s\u00fcreci a\u015fa\u011f\u0131daki ad\u0131mlardan olu\u015fmaktad\u0131r.<br \/>\u2022 Yurtd\u0131\u015f\u0131ndaki \u00fcniversitenin tan\u0131n\u0131p tan\u0131nmad\u0131\u011f\u0131 konusunda D\u0131\u015f \u0130li\u015fkiler Ofisi taraf\u0131ndan Y\u00d6K\u2019e \u201cTan\u0131nma Talep Dilek\u00e7esi\u201d g\u00f6nderilmesi.<br \/>\u2022 Anla\u015fma yap\u0131lacak birimler taraf\u0131ndan Mevlana De\u011fi\u015fim Program\u0131 Protokol\u00fcn\u00fcn doldurulmas\u0131. (Anla\u015fma listesi, kurum kodlar\u0131 listesi)<br \/>\u2022 D\u0131\u015f \u0130li\u015fkiler Ofisi taraf\u0131ndan imza s\u00fcrecinin tamamlanmas\u0131.<\/p><p align=\"justify\">2020-2021 E\u011fitim \u00d6\u011fretim Y\u0131l\u0131 Proje Tabanl\u0131 Uluslararas\u0131 De\u011fi\u015fim Program\u0131 Y\u00d6K Y\u00fcr\u00fctme Kurul Karar\u0131 i\u00e7in <a href=\"https:\/\/oia.atauni.edu.tr\/new\/wp-content\/uploads\/2024\/02\/yurutme-kurulu-karari-04032020_compressed.pdf\">t\u0131klay\u0131n\u0131z.<\/a><\/p><div class=\"bd-row row-0 n-4 lv-2 first clearfix\"><div class=\"items-wrapper items-inside index-1 first\"><div class=\"item-inner stpb-heading\"><h5 class=\" align-default\">Proje Tabanl\u0131 Mevlana ile ilgili s\u00fcre\u00e7:<\/h5><\/div><div class=\"clear\">\u00a0<\/div><\/div><\/div><div class=\"bd-row row-1 n-4 lv-2 clearfix\"><div class=\"items-wrapper items-inside index-2\"><div class=\"item-inner stpb-table\"><table class=\"table pricing table-striped table-bordered\"><tbody><tr class=\"default\"><td class=\"default\">1-Projeyi yapacak birim taraf\u0131ndan, proje konusu ve orta\u011f\u0131n\u0131n belirlenerek, anla\u015fma yoksa anla\u015fma s\u00fcrecinin tamamlanmas\u0131.<\/td><\/tr><tr class=\"default\"><td class=\"default\">2-Proje orta\u011f\u0131 kurumunda bilgilerini i\u00e7eren\u00a0<a href=\"https:\/\/oia.atauni.edu.tr\/new\/wp-content\/uploads\/2024\/02\/Proje_Formu_Formu.docx\">proje formunun \u00f6rne\u011fi<\/a><\/td><\/tr><tr class=\"default\"><td class=\"default\">3- Projenin ba\u015fka bir deste\u011fi varsa Proje formuna ek belgelerde belirtilmesi gerekmektedir.<\/td><\/tr><tr class=\"default\"><td class=\"default\">4-D\u0131\u015f \u0130li\u015fkiler Ofisine ula\u015fan belgeler Y\u00fcksek\u00f6\u011fretim Kurulu (Y\u00d6K) Ba\u015fkanl\u0131\u011f\u0131na iletilir.<\/td><\/tr><tr class=\"default\"><td class=\"default\">5-Projeler Y\u00d6K taraf\u0131ndan de\u011ferlendirerek desteklenip desteklenmeyecekleri hususunda karara ba\u011flan\u0131r.<\/td><\/tr><\/tbody><\/table><\/div><div class=\"clear\">\u00a0<\/div><\/div><\/div><div class=\"bd-row row-2 n-4 lv-2 clearfix\"><div class=\"items-wrapper items-inside index-3\"><div class=\"item-inner stpb-heading\"><h5 class=\" align-default\">\u00d6demeler ile ilgili hususlar:<\/h5><\/div><\/div><\/div><div class=\"bd-row row-3 n-4 lv-2 last clearfix\"><div class=\"items-wrapper items-inside index-4 last\"><div class=\"item-inner stpb-text\"><div class=\"item-text-wrapper text-default no-effect\"><p align=\"justify\">Proje b\u00fct\u00e7esini Y\u00d6K her projenin kendi \u00f6zelinde belirlemektedir. Buna ilave olarak, b\u00fct\u00e7e ve \u00f6demelerle ilgili hususlar a\u015fa\u011f\u0131daki gibidir.<\/p><p>\u2022 Proje kapsam\u0131nda de\u011fi\u015fime kat\u0131lacak \u00d6\u011frencilere 5102 say\u0131l\u0131 Kanuna g\u00f6re lisans \u00f6\u011frenimi g\u00f6ren \u00f6\u011frencilere \u00f6denmekte olan ayl\u0131k burs tutar\u0131n\u0131n \u00fc\u00e7 kat\u0131n\u0131 ge\u00e7memek \u00fczere;<\/p><p>\u2022 \u00d6\u011fretim elemanlar\u0131na ise 6245 say\u0131l\u0131 Harc\u0131rah Kanunu\u2019nun 34. maddesi uyar\u0131nca ilgili y\u0131lda Bakanlar Kurulu Karar\u0131 ile uygun bulunan \u201cYurtd\u0131\u015f\u0131 G\u00fcndeliklerine Dair Karar\u201d uyar\u0131nca belirlenen \u00fcst s\u0131n\u0131r\u0131 a\u015fmamak \u00fczere \u00f6deme yap\u0131lacakt\u0131r.<\/p><p>\u2022 Makine-te\u00e7hizat taleplerinin b\u00fct\u00e7esi Y\u00d6K taraf\u0131ndan ayr\u0131 de\u011ferlendirilecektir ve bu kalemlere \u00f6deme yap\u0131lmayacakt\u0131r. Ancak \u2013varsa- bu gider kaleminin nereden kar\u015f\u0131lanaca\u011f\u0131n\u0131n da Proje \u00d6nerisi Ba\u015fvuru Formu\u2019nda belirtilmesi gerekmektedir.<\/p><\/div><\/div><\/div><\/div><\/div>\n\t\t\t\t\t\t\t\t\t<div class=\"elementor-tab-title elementor-tab-mobile-title\" aria-selected=\"false\" data-tab=\"4\" role=\"tab\" tabindex=\"-1\" aria-controls=\"elementor-tab-content-6114\" aria-expanded=\"false\">Anla\u015fmalar<\/div>\n\t\t\t\t\t<div id=\"elementor-tab-content-6114\" class=\"elementor-tab-content elementor-clearfix\" data-tab=\"4\" role=\"tabpanel\" aria-labelledby=\"elementor-tab-title-6114\" tabindex=\"0\" hidden=\"hidden\"><p>Anla\u015fma ve kontenjanlar y\u00fckleniyor&#8230; Anla\u015fma ve kontenjan listesini g\u00f6r\u00fcnt\u00fcleyemiyorsan\u0131z <a href=\"https:\/\/obs.atauni.edu.tr\/moduller\/login\/degisimOia\/mevlanUniversiteler\" target=\"_blank\" rel=\"noopener\">t\u0131klay\u0131n\u0131z.<\/a><\/p><p><iframe src=\"https:\/\/obs.atauni.edu.tr\/moduller\/login\/degisimOia\/mevlanUniversiteler\" name=\"mevlanaUniversiteler\" width=\"400\" height=\"2000\" frameborder=\"0\" scrolling=\"auto\"><\/iframe><\/p><\/div>\n\t\t\t\t\t\t\t\t\t<div class=\"elementor-tab-title elementor-tab-mobile-title\" aria-selected=\"false\" data-tab=\"5\" role=\"tab\" tabindex=\"-1\" aria-controls=\"elementor-tab-content-6115\" aria-expanded=\"false\">Mevlana Koordinat\u00f6rler<\/div>\n\t\t\t\t\t<div id=\"elementor-tab-content-6115\" class=\"elementor-tab-content elementor-clearfix\" data-tab=\"5\" role=\"tabpanel\" aria-labelledby=\"elementor-tab-title-6115\" tabindex=\"0\" hidden=\"hidden\"><p>Koordinat\u00f6r listesi y\u00fckleniyor&#8230; Koordinat\u00f6r listesini g\u00f6r\u00fcnt\u00fcleyemiyorsan\u0131z <a href=\"https:\/\/obs.atauni.edu.tr\/moduller\/login\/degisimOia\/mevlanaKoordinator\" target=\"_blank\" rel=\"noopener\">t\u0131klay\u0131n\u0131z.<\/a><\/p><p><iframe src=\"https:\/\/obs.atauni.edu.tr\/moduller\/login\/degisimOia\/mevlanaKoordinator\" name=\"mevlanakoordinat\u00f6r\" width=\"400\" height=\"2000\" frameborder=\"0\" scrolling=\"auto\"><\/iframe><\/p><\/div>\n\t\t\t\t\t\t\t\t\t<div class=\"elementor-tab-title elementor-tab-mobile-title\" aria-selected=\"false\" data-tab=\"6\" role=\"tab\" tabindex=\"-1\" aria-controls=\"elementor-tab-content-6116\" aria-expanded=\"false\">Mevlana S.S.S.<\/div>\n\t\t\t\t\t<div id=\"elementor-tab-content-6116\" class=\"elementor-tab-content elementor-clearfix\" data-tab=\"6\" role=\"tabpanel\" aria-labelledby=\"elementor-tab-title-6116\" tabindex=\"0\" hidden=\"hidden\"><div class=\"panel-heading\"><div class=\"acc-title \"><strong>\u00a0Mevlana De\u011fi\u015fim Program\u0131n\u0131n Amac\u0131 Nedir?<\/strong><\/div><\/div><div id=\"collapse-607542f918a46\" class=\"panel-collapse in\"><div class=\"panel-body acc-content\"><div class=\"txt-content\">Mevlana De\u011fi\u015fim Program\u0131, yurti\u00e7inde e\u011fitim veren y\u00fcksek\u00f6\u011fretim kurumlar\u0131 ile yurtd\u0131\u015f\u0131nda e\u011fitim veren y\u00fcksek\u00f6\u011fretim kurumlar\u0131 aras\u0131nda \u00f6\u011frenci ve \u00f6\u011fretim eleman\u0131 de\u011fi\u015fimini ger\u00e7ekle\u015ftirmeyi ama\u00e7layan bir programd\u0131r.<\/div><div>\u00a0<\/div><\/div><div><div class=\"panel-heading\"><div class=\"acc-title \"><strong>Mevlana De\u011fi\u015fim Program\u0131n\u0131n Ne Zaman Ba\u015flad\u0131?<\/strong><\/div><\/div><div id=\"collapse-607542f918b4d\" class=\"panel-collapse in\"><div class=\"panel-body acc-content\"><div class=\"txt-content\">MDP y\u00f6netmeli\u011fi 23 A\u011fustos 2011 tarih ve 28034 say\u0131l\u0131 Resmi Gazete\u2019de yay\u0131mland\u0131.<\/div><div>\u00a0<\/div><div><div class=\"panel-heading\"><div class=\"acc-title \"><strong>T\u00fcrkiye&#8217;de Ba\u015fka Hangi \u00d6\u011frenci De\u011fi\u015fim Programlar\u0131 Var?<\/strong><\/div><div class=\"acc-title \">\u00d6\u011frenciler MDP&#8217;nin yan\u0131nda Erasmus ve Farabi de\u011fi\u015fim programlar\u0131ndan da faydalanabilirler.<\/div><div>\u00a0<\/div><div><div class=\"panel-heading\"><div class=\"acc-title \"><strong>MDP Hangi \u00dclkeleri Kapsar?<\/strong><\/div><\/div><div id=\"collapse-607542f918d27\" class=\"panel-collapse in\"><div class=\"panel-body acc-content\"><div class=\"txt-content\">Di\u011fer de\u011fi\u015fim programlar\u0131ndan farkl\u0131 olarak, hi\u00e7bir co\u011frafi b\u00f6lge ayr\u0131m\u0131 olmaks\u0131z\u0131n de\u011fi\u015fim program\u0131 b\u00fcnyesindeki hareketlilik b\u00fct\u00fcn d\u00fcnyadaki y\u00fcksek\u00f6\u011fretim kurumlar\u0131n\u0131 kapsamaktad\u0131r. Ancak ERASMUS \u00fclkeleri hari\u00e7 tutulmu\u015ftur.<\/div><div>\u00a0<\/div><div><div class=\"panel-heading\"><div class=\"acc-title \"><strong>Vatanda\u015f\u0131 Oldu\u011fum \u00dclkeye Gidebilir miyim?<\/strong><\/div><div class=\"acc-title \">TC uyruklular\u0131n de\u011fi\u015fime gelmesi ve gidenlerin de kendi \u00fclkelerine gitmeleri m\u00fcmk\u00fcn de\u011fil.<\/div><div>\u00a0<\/div><\/div><div id=\"collapse-607542f918e05\" class=\"panel-collapse in\"><div class=\"panel-body acc-content\"><div class=\"txt-content\"><div class=\"panel-heading\"><div class=\"acc-title \"><strong>Ne Kadar S\u00fcre Gidilebilir?<\/strong><\/div><\/div><div id=\"collapse-607542f918ed0\" class=\"panel-collapse in\"><div class=\"panel-body acc-content\"><div class=\"txt-content\">De\u011fi\u015fim program\u0131na kat\u0131lmak isteyen \u00f6\u011frenciler en az bir en fazla iki yar\u0131y\u0131l e\u011fitim i\u00e7in gidebilirler. \u00d6\u011fretim elemanlar\u0131 ise en az 2 hafta en fazla 3 ay s\u00fcreyle d\u00fcnyadaki y\u00fcksek\u00f6\u011fretim kurumlar\u0131nda ders vermek \u00fczere programdan faydalanabilirler. Benzer \u015fekilde d\u00fcnyan\u0131n b\u00fct\u00fcn b\u00f6lgelerinden de \u00f6\u011frenci ve \u00f6\u011fretim elemanlar\u0131 T\u00fcrkiye&#8217;deki y\u00fcksek\u00f6\u011fretim kurumlar\u0131na gelebilirler. 2015-2016 d\u00f6nemi i\u00e7in giden \u00f6\u011fretim elemanlar\u0131n\u0131n de\u011fi\u015fimi durdurulmu\u015ftur.<\/div><div>\u00a0<\/div><div><div class=\"panel-heading\"><div class=\"acc-title \"><strong>De\u011fi\u015fimi Planlanandan Az Veya \u00c7ok Ger\u00e7ekle\u015ftirebilir miyim?<\/strong><\/div><\/div><div id=\"collapse-607542f918f9b\" class=\"panel-collapse in\"><div class=\"panel-body acc-content\"><div class=\"txt-content\">D\u00f6nemlik ders uygulamas\u0131 olan fak\u00fcltelerde \u00f6\u011frencimiz iki d\u00f6nem boyunca de\u011fi\u015fimden faydalanma hakk\u0131 kazanm\u0131\u015f ama birinci d\u00f6nem sonunda b\u0131rak\u0131p geri d\u00f6nmeye karar verirse bunda bir sak\u0131nca yoktur. Ancak, d\u00f6nemi tamamlay\u0131p belgelerini alm\u0131\u015f olmas\u0131 gerekir. Mevlana Y\u00fck\u00fcml\u00fcl\u00fck S\u00f6zle\u015fmesi gere\u011fi m\u00fccbir sebepler d\u0131\u015f\u0131nda de\u011fi\u015fimin yar\u0131da b\u0131rak\u0131lmas\u0131 m\u00fcmk\u00fcn de\u011fildir. De\u011fi\u015fimin yar\u0131m b\u0131rak\u0131lmas\u0131 halinde \u00f6\u011frenciye \u00f6denen burslar geri talep edilir ve ald\u0131\u011f\u0131 derslerden ba\u015far\u0131s\u0131z olur. De\u011fi\u015fimin planlanandan daha fazla olarak ger\u00e7ekle\u015ftirilmesi de m\u00fcmk\u00fcn de\u011fildir.<\/div><div>\u00a0<\/div><\/div><div><div class=\"panel-heading\"><div class=\"acc-title \"><strong>Kimler Ba\u015fvurabilir?<\/strong><\/div><div class=\"acc-title \">T\u00fcrkiye&#8217;deki b\u00fct\u00fcn y\u00fcksek\u00f6\u011fretim kurumlar\u0131nda (Mevlana De\u011fi\u015fim Program\u0131 Protokol\u00fc imzalam\u0131\u015f olan y\u00fcksek\u00f6\u011fretim kurumlar\u0131nda) \u00f6rg\u00fcn e\u011fitim programlar\u0131na kay\u0131tl\u0131 \u00f6n lisans, lisans, y\u00fcksek lisans ve doktora \u00f6\u011frencileri ve MDP Protokol\u00fc imzalayan yurt i\u00e7i ve yurt d\u0131\u015f\u0131 y\u00fcksek\u00f6\u011fretim kurumlar\u0131nda g\u00f6rev yapan t\u00fcm \u00f6\u011fretim elemanlar\u0131.<\/div><div>\u00a0<\/div><\/div><div id=\"collapse-607542f919066\" class=\"panel-collapse in\"><div class=\"panel-body acc-content\"><div class=\"txt-content\"><div class=\"panel-heading\"><div class=\"acc-title \"><strong>T\u00fcrkiye&#8217;de Y\u00fcksek\u00f6\u011frenim G\u00f6ren Yabanc\u0131 Uyruklu \u00d6\u011frenciler Programa Ba\u015fvurabilir mi?<\/strong><\/div><\/div><div id=\"collapse-607542f919132\" class=\"panel-collapse in\"><div class=\"panel-body acc-content\"><div class=\"txt-content\">Mevlana De\u011fi\u015fim Program\u0131&#8217;na ba\u015fvurabilmek i\u00e7in \u00f6rg\u00fcn e\u011fitim kurumlar\u0131nda \u00f6\u011frenci olmak gerekmektedir. Vatanda\u015fl\u0131k \u015fart\u0131 yoktur.<\/div><div>\u00a0<\/div><\/div><div><div class=\"panel-heading\"><div class=\"acc-title \"><strong>Kay\u0131tl\u0131 Oldu\u011fum \u00dcniversite D\u0131\u015f\u0131nda Bir \u00dcniversitede \u00d6\u011frenim G\u00f6rmekteyim. Hangi \u00dcniversiteden Ba\u015fvuraca\u011f\u0131m?<\/strong><\/div><\/div><div id=\"collapse-607542f919232\" class=\"panel-collapse in\"><div class=\"panel-body acc-content\"><div class=\"txt-content\">Mevlana De\u011fi\u015fim Program\u0131&#8217;na kay\u0131tl\u0131 oldu\u011funuz \u00fcniversiteden ba\u015fvurmal\u0131s\u0131n\u0131z. \u00d6rnek: Erzincan \u00dcniversitesi T\u0131p Fak\u00fcltesi \u00f6\u011frencileri 2013-2014 e\u011fitim \u00f6\u011fretim d\u00f6neminde Atat\u00fcrk \u00dcniversitesi&#8217;nde e\u011fitim g\u00f6rmektedirler. Bu \u00f6\u011frenciler her ne kadar Atat\u00fcrk \u00dcniversitesi&#8217;nde e\u011fitim g\u00f6rmekte iseler de ba\u015fvurular\u0131n\u0131 kay\u0131tl\u0131 olduklar\u0131 Erzincan \u00dcniversitesi&#8217;ne yapacaklard\u0131r.<\/div><div>\u00a0<\/div><\/div><div><div class=\"panel-heading\"><div class=\"acc-title \"><strong>\u00d6\u011fretim \u00dcyeleri Ziyaretlerinde ne Kadar Ders Anlatmal\u0131?<\/strong><\/div><\/div><div id=\"collapse-607542f919300\" class=\"panel-collapse in\"><div class=\"panel-body acc-content\"><div class=\"txt-content\">\u00d6\u011fretim elemanlar\u0131n\u0131n hareketlilik kapsam\u0131nda yer alan akademik faaliyetleri haftal\u0131k olarak toplam alt\u0131 saatten daha az olamaz. Ders saatlerinin haftal\u0131k olarak alt\u0131 saati doldurmamas\u0131 durumunda seminer, panel veya konferanslar gibi akademik faaliyetler de bu kapsamda de\u011ferlendirilir.<\/div><div>\u00a0<\/div><\/div><div><div class=\"panel-heading\"><div class=\"acc-title \"><strong>Ba\u015fvurular nereye yap\u0131l\u0131r?<\/strong><\/div><\/div><div id=\"collapse-607542f919559\" class=\"panel-collapse in\"><div class=\"panel-body acc-content\"><div class=\"txt-content\">Ba\u015fvurular oia.atauni.edu.tr adresinden online olarak yap\u0131l\u0131r. Ayr\u0131ca dok\u00fcmanlar\u0131n asl\u0131 talep edildi\u011finde Mevlana koordinat\u00f6rl\u00fc\u011f\u00fcm\u00fczde teslim edilecektir.<\/div><div>\u00a0<\/div><div><div class=\"panel-heading\"><div class=\"acc-title \"><strong>\u00d6\u011frencilerin Se\u00e7imleri Neye G\u00f6re Yap\u0131l\u0131r?<\/strong><\/div><\/div><div id=\"collapse-607542f91961f\" class=\"panel-collapse in\"><div class=\"panel-body acc-content\"><div class=\"txt-content\">Yap\u0131lacak dil s\u0131nav\u0131n\u0131n %50\u2019si ve \u00f6\u011frencinin bir \u00f6nceki y\u0131l ald\u0131\u011f\u0131 notlar\u0131n a\u011f\u0131rl\u0131kl\u0131 ortalamas\u0131n\u0131n %50\u2019si dikkate al\u0131narak se\u00e7im yap\u0131l\u0131r.<\/div><div>\u00a0<\/div><div><div class=\"panel-heading\"><div class=\"acc-title \"><strong>Gidilen \u00dclkede Kalacak Yer Nas\u0131l Ayarlanacak?<\/strong><\/div><\/div><div id=\"collapse-607542f9196e4\" class=\"panel-collapse in\"><div class=\"panel-body acc-content\"><div class=\"txt-content\">Kalacak yer ayarlamas\u0131n\u0131 \u00f6\u011frenci veya \u00f6\u011fretim eleman\u0131 kendisi yapacakt\u0131r.<\/div><div>\u00a0<\/div><div><div class=\"panel-heading\"><div class=\"acc-title \"><strong>Bir \u00dcniversiteyle Anla\u015fma Yapmak \u0130\u00e7in Nas\u0131l Bir S\u00fcre\u00e7 \u0130zleniyor?<\/strong><\/div><\/div><div id=\"collapse-607542f9197b0\" class=\"panel-collapse in\"><div class=\"panel-body acc-content\"><div class=\"txt-content\">Mevlana&#8217;da yeni anla\u015fma yapmak i\u00e7in \u00f6ncelikle ofisimiz taraf\u0131ndan Y\u00d6K&#8217;e yaz\u0131p ilgili \u00fcniversitenin tan\u0131nma durumunu sorulur. Tan\u0131nan \u00fcniversitelerle rekt\u00f6rler d\u00fczeyinde mevlana protokol\u00fc imzalan\u0131r. Protokoller imzaland\u0131ktan sonra kar\u015f\u0131l\u0131kl\u0131 kontenjanlar belirlenir ve de\u011fi\u015fim s\u00fcrecine ba\u015flan\u0131r.<\/div><div>\u00a0<\/div><div><div class=\"panel-heading\"><div class=\"acc-title \"><strong>\u00d6\u011fretim Elemanlar\u0131n\u0131n Se\u00e7imleri Neye G\u00f6re Yap\u0131l\u0131r?<\/strong><\/div><\/div><div id=\"collapse-607542f919c11\" class=\"panel-collapse in\"><div class=\"panel-body acc-content\"><div class=\"txt-content\">\u00d6\u011fretim elemanlar\u0131n\u0131n se\u00e7iminde yabanc\u0131 dil s\u0131nav\u0131 \u015fart\u0131 veya ba\u015fka bir s\u0131nav yoktur. Ayn\u0131 programa birden fazla \u00f6\u011fretim \u00fcyesi ba\u015fvurmas\u0131 durumunda akademik \u00fcnvan, k\u0131dem, daha \u00f6nce Mevlana de\u011fi\u015fimine kat\u0131lm\u0131\u015f olma, koordinat\u00f6rl\u00fck g\u00f6revi, yabanc\u0131 dil puan\u0131 gibi kriterler dikkate al\u0131narak se\u00e7im yap\u0131l\u0131r.<\/div><div>\u00a0<\/div><\/div><div><div class=\"panel-heading\"><div class=\"acc-title \"><strong>Kimler Ba\u015fvuramaz?<\/strong><\/div><div class=\"acc-title \">De\u011fi\u015fime sonraki d\u00f6nem gidilece\u011finden son s\u0131n\u0131f \u00f6\u011frencileri programa ba\u015fvuramaz. T\u0131pta int\u00f6rnl\u00fck d\u00f6nemine gidecek \u00f6\u011frenciler de (5. s\u0131n\u0131f) ba\u015fvuramazlar. Birinci s\u0131n\u0131f \u00f6\u011frencileri ba\u015fvuru s\u0131ras\u0131nda en az bir s\u00f6mestr e\u011fitim g\u00f6rm\u00fc\u015f olmal\u0131d\u0131r. T\u00fcrkiye&#8217;deki bir\u00e7ok t\u0131p fak\u00fcltesinde oldu\u011fu gibi s\u00f6mestr sonunda ders puanlar\u0131 kesin olmay\u0131p, senelik ders sistemi uygulanan fak\u00fcltelerde \u00f6\u011frenci ancak o seneyi bitirip notunu kesinle\u015ftirdikten sonra ba\u015fvurabilir. Komite sistemi uygulanan fak\u00fcltelerde final s\u0131nav\u0131 sene sonunda ise sadece ilgili komite puanlar\u0131yla ba\u015fvuru yap\u0131lamaz.<\/div><div>\u00a0<\/div><\/div><div id=\"collapse-607542f919ce0\" class=\"panel-collapse in\"><div class=\"panel-body acc-content\"><div class=\"txt-content\"><div class=\"panel-heading\"><div class=\"acc-title \"><strong>\u00d6\u011frenci Gitti\u011fi Kuruma \u00dccret \u00d6der mi?<\/strong><\/div><\/div><div id=\"collapse-607542f919db8\" class=\"panel-collapse in\"><div class=\"panel-body acc-content\"><div class=\"txt-content\">\u00d6\u011frenci gitti\u011fi kuruma herhangi bir \u00fccret \u00f6demez.<\/div><div>\u00a0<\/div><\/div><div><div class=\"panel-heading\"><div class=\"acc-title \"><strong>Programa Kat\u0131lan \u00d6\u011frenci D\u00f6nem Kayb\u0131na U\u011frar m\u0131?<\/strong><\/div><div class=\"acc-title \">\u00d6\u011frenci gitmeden ders e\u015fde\u011ferlikleri belirlenir ve bu derslerden ba\u015far\u0131l\u0131 olmas\u0131 halinde kendi derslerinin yerine say\u0131laca\u011f\u0131 imza alt\u0131na al\u0131n\u0131r. \u00d6\u011frencinin b\u00fct\u00fcn derslerden ba\u015far\u0131l\u0131 olmas\u0131 durumunda, \u00fclkesine d\u00f6nd\u00fc\u011f\u00fcnde herhangi bir d\u00f6nem kayb\u0131 ya\u015famaz.<\/div><div>\u00a0<\/div><\/div><div id=\"collapse-607542f919e80\" class=\"panel-collapse in\"><div class=\"panel-body acc-content\"><div class=\"txt-content\"><div class=\"panel-heading\"><div class=\"acc-title \"><strong>\u00d6\u011frencinin Ald\u0131\u011f\u0131 Burslar Kesilir mi?<\/strong><\/div><\/div><div id=\"collapse-607542f919f49\" class=\"panel-collapse in\"><div class=\"panel-body acc-content\"><div class=\"txt-content\">Mevlana De\u011fi\u015fim Program\u0131\u2019na kat\u0131lan \u00f6\u011frencilerin, \u00f6\u011frenim g\u00f6rd\u00fckleri s\u00fcre i\u00e7erisinde ald\u0131klar\u0131 di\u011fer burslar ve krediler devam eder.<\/div><div>\u00a0<\/div><div><div class=\"panel-heading\"><div class=\"acc-title \"><strong>De\u011fi\u015fim Program\u0131na Destek Almadan Kat\u0131lmak M\u00fcmk\u00fcn m\u00fc?<\/strong><\/div><div class=\"acc-title \">Evet<\/div><div>\u00a0<\/div><\/div><div id=\"collapse-607542f91a012\" class=\"panel-collapse in\"><div class=\"panel-body acc-content\"><div class=\"txt-content\"><div class=\"panel-heading\"><div class=\"acc-title \"><strong>Lisans \u00f6\u011frencisi bir \u00f6nceki d\u00f6nem not ortalamas\u0131n\u0131n 2,5&#8217;in alt\u0131nda olmas\u0131 durumda ba\u015fvuru yapabilir mi?<\/strong><\/div><\/div><div id=\"collapse-607542f91a0de\" class=\"panel-collapse in\"><div class=\"panel-body acc-content\"><div class=\"txt-content\">Hay\u0131r.<\/div><div>\u00a0<\/div><div><div class=\"panel-heading\"><div class=\"acc-title \"><strong>\u00d6\u011fretim Eleman\u0131 ne Kadar Desteklenecek?<\/strong><\/div><\/div><div id=\"collapse-607542f91a1db\" class=\"panel-collapse in\"><div class=\"panel-body acc-content\"><div class=\"txt-content\">Mevlana De\u011fi\u015fim Program\u0131 kapsam\u0131nda yurt d\u0131\u015f\u0131na g\u00f6nderilecek \u00f6\u011fretim elemanlar\u0131na 6245 say\u0131l\u0131 Harc\u0131rah Kanunu h\u00fck\u00fcmlerine g\u00f6re harc\u0131rah, yurt d\u0131\u015f\u0131ndan gelecek \u00f6\u011fretim elemanlar\u0131na ise 6245 say\u0131l\u0131 Kanun uyar\u0131nca harc\u0131rah ile 2547 say\u0131l\u0131 Kanunun 10 uncu maddesine g\u00f6re ek ders \u00fccreti \u00f6denebilir.<\/div><div>\u00a0<\/div><div><div class=\"panel-heading\"><div class=\"acc-title \"><strong>Ders E\u015fle\u015ftirmeleri Nas\u0131l Yap\u0131lacak?<\/strong><\/div><\/div><div id=\"collapse-607542f91a2a4\" class=\"panel-collapse in\"><div class=\"panel-body acc-content\"><div class=\"txt-content\">\u00d6\u011frenci de\u011fi\u015fime hak kazand\u0131ktan sonra b\u00f6l\u00fcm koordinat\u00f6r\u00fc ile birlikte ders e\u015fle\u015ftirmelerini yapacakt\u0131r. \u00d6\u011frenim protokol\u00fc, \u00f6\u011frencinin kendisi taraf\u0131ndan, b\u00f6l\u00fcm ba\u015fkan\u0131 ve ilgili koordinat\u00f6r taraf\u0131ndan imzaland\u0131ktan sonra taraf\u0131m\u0131za ula\u015ft\u0131r\u0131lmal\u0131d\u0131r. \u00d6\u011frenim protokol\u00fc ancak t\u00fcm imzalar tamamland\u0131ktan sonra ge\u00e7erli olur. \u00d6\u011frenci yapaca\u011f\u0131 protokolde gidece\u011fi e\u011fitim kurumunda EN AZ kay\u0131tl\u0131 oldu\u011fu kurumda almas\u0131 gereken kredi miktar\u0131n\u0131 almal\u0131d\u0131r.<\/div><div>\u00a0<\/div><div><div class=\"panel-heading\"><div class=\"acc-title \"><strong>Yapt\u0131\u011f\u0131m Ders E\u015fle\u015ftirmelerini De\u011fi\u015ftirebilir miyim?<\/strong><\/div><\/div><div id=\"collapse-607542f91a437\" class=\"panel-collapse in\"><div class=\"panel-body acc-content\"><div class=\"txt-content\">E\u011fitim d\u00f6neminin sonunda s\u00fcrecin tamamlanabilmesi ve \u00f6\u011frenciye yap\u0131lmas\u0131 gereken %30&#8217;luk burs kesintilerinin \u00f6denebilmesi i\u00e7in a\u015fa\u011f\u0131daki belgelerin ofisimize teslim edilmesi zorunludur: Gidilen \u00fcniversite taraf\u0131ndan imzalanm\u0131\u015f kat\u0131l\u0131m belgesi Bilet\/bini\u015f kart\u0131 fotokopileri Transkript Nihai rapor (web sitemizden doldurulacak)<\/div><div>\u00a0<\/div><\/div><div><div class=\"panel-heading\"><div class=\"acc-title \"><strong>Program\u0131 Zaman\u0131ndan \u00d6nce B\u0131rak\u0131rsam Ne Olur?<\/strong><\/div><\/div><div id=\"collapse-607542f91a523\" class=\"panel-collapse in\"><div class=\"panel-body acc-content\"><div class=\"txt-content\">Mevlana De\u011fi\u015fim Program\u0131&#8217;ndan faydalananlar ilgili y\u00f6netmeli\u011fin h\u00fck\u00fcmlerini kabul etmi\u015f say\u0131l\u0131rlar. Buna g\u00f6re, de\u011fi\u015fim program\u0131 m\u00fccbir sebepler olmad\u0131\u011f\u0131 m\u00fcddet\u00e7e zaman\u0131ndan \u00f6nce kesilemez. \u00d6\u011frencinin anne veya babas\u0131n\u0131n vefat etmesi gibi m\u00fccbir sebeplerle de\u011fi\u015fimi yar\u0131m b\u0131rakmas\u0131 halinde durumu bildiren bir belgenin ofisimize sunulmas\u0131 zorunludur. Di\u011fer taraftan, \u00f6\u011frencinin de\u011fi\u015fim program\u0131nda ge\u00e7irdi\u011fi s\u00fcre ve ald\u0131\u011f\u0131 derslerin durumuyla ilgili de yaz\u0131l\u0131 bir belge sa\u011flamas\u0131 gerekir.<\/div><div>\u00a0<\/div><\/div><div><div class=\"panel-heading\"><div class=\"acc-title \"><strong>\u00d6\u011fretim \u00dcyesi D\u00f6nd\u00fckten Sonra Hangi Belgeleri Teslim Edecek?<\/strong><\/div><\/div><div id=\"collapse-607542f91a5fb\" class=\"panel-collapse in\"><div class=\"panel-body acc-content\"><div class=\"txt-content\">\u00d6\u011fretim \u00fcyesi bilet geri \u00f6demesini ve yolluklar\u0131n\u0131 alabilmesi i\u00e7in a\u015fa\u011f\u0131daki belgeleri teslim etmelidir: Gidilen kurum taraf\u0131ndan imzalanm\u0131\u015f kat\u0131l\u0131m belgesi Gidi\u015f ve d\u00f6n\u00fc\u015f bilet\/bini\u015f kart\u0131 Nihai rapor (web sitemizden doldurulacak)<\/div><div>\u00a0<\/div><div><div class=\"panel-heading\"><div class=\"acc-title \"><strong>U\u00e7ak Biletini Kim Alacak?<\/strong><\/div><\/div><div id=\"collapse-607542f91a6c3\" class=\"panel-collapse in\"><div class=\"panel-body acc-content\"><div class=\"txt-content\">U\u00e7ak biletini \u00f6\u011frenci veya \u00f6\u011fretim eleman\u0131 kendisi alacakt\u0131r. Biletin bir kopyas\u0131 Mevlana koordinat\u00f6rl\u00fc\u011f\u00fcm\u00fcze teslim edilecektir.<\/div><\/div><\/div><\/div><\/div><\/div><\/div><\/div><\/div><\/div><\/div><\/div><\/div><\/div><\/div><\/div><\/div><\/div><\/div><\/div><\/div><\/div><\/div><\/div><\/div><\/div><\/div><\/div><\/div><\/div><\/div><\/div><\/div><\/div><\/div><\/div><\/div><\/div><\/div><\/div><\/div><\/div><\/div><\/div><\/div><\/div><\/div><\/div><\/div><\/div><\/div><\/div><\/div><\/div><\/div><\/div><\/div><\/div><\/div><\/div><\/div><\/div><\/div><\/div><\/div><\/div><\/div><\/div><\/div><\/div><\/div><\/div><\/div><\/div><\/div>\n\t\t\t\t\t\t\t<\/div>\n\t\t<\/div>\n\t\t\t\t\t\t<\/div>\n\t\t\t\t<\/div>\n\t\t\t\t\t<\/div>\n\t\t<\/div>\n\t\t\t\t\t<\/div>\n\t\t<\/section>\n\t\t\t\t<\/div>\n\t\t","protected":false},"excerpt":{"rendered":"<p>\/*! elementor &#8211; v3.7.0 &#8211; 08-08-2022 *\/ .elementor-widget-tabs.elementor-tabs-view-vertical .elementor-tabs-wrapper{width:25%;-ms-flex-negative:0;flex-shrink:0}.elementor-widget-tabs.elementor-tabs-view-vertical .elementor-tab-desktop-title.elementor-active{border-right-style:none}.elementor-widget-tabs.elementor-tabs-view-vertical .elementor-tab-desktop-title.elementor-active:after,.elementor-widget-tabs.elementor-tabs-view-vertical .elementor-tab-desktop-title.elementor-active:before{height:999em;width:0;right:0;border-right-style:solid}.elementor-widget-tabs.elementor-tabs-view-vertical .elementor-tab-desktop-title.elementor-active:before{top:0;-webkit-transform:translateY(-100%);-ms-transform:translateY(-100%);transform:translateY(-100%)}.elementor-widget-tabs.elementor-tabs-view-vertical .elementor-tab-desktop-title.elementor-active:after{top:100%}.elementor-widget-tabs.elementor-tabs-view-horizontal .elementor-tab-desktop-title{display:table-cell}.elementor-widget-tabs.elementor-tabs-view-horizontal .elementor-tab-desktop-title.elementor-active{border-bottom-style:none}.elementor-widget-tabs.elementor-tabs-view-horizontal .elementor-tab-desktop-title.elementor-active:after,.elementor-widget-tabs.elementor-tabs-view-horizontal .elementor-tab-desktop-title.elementor-active:before{bottom:0;height:0;width:999em;border-bottom-style:solid}.elementor-widget-tabs.elementor-tabs-view-horizontal .elementor-tab-desktop-title.elementor-active:before{right:100%}.elementor-widget-tabs.elementor-tabs-view-horizontal .elementor-tab-desktop-title.elementor-active:after{left:100%}.elementor-widget-tabs .elementor-tab-content,.elementor-widget-tabs .elementor-tab-title,.elementor-widget-tabs .elementor-tab-title:after,.elementor-widget-tabs .elementor-tab-title:before,.elementor-widget-tabs .elementor-tabs-content-wrapper{border:1px #d4d4d4}.elementor-widget-tabs .elementor-tabs{text-align:left}.elementor-widget-tabs .elementor-tabs-wrapper{overflow:hidden}.elementor-widget-tabs .elementor-tab-title{cursor:pointer;outline:var(&#8211;focus-outline,none)}.elementor-widget-tabs .elementor-tab-desktop-title{position:relative;padding:20px 25px;font-weight:700;line-height:1;border:solid transparent}.elementor-widget-tabs .elementor-tab-desktop-title.elementor-active{border-color:#d4d4d4}.elementor-widget-tabs .elementor-tab-desktop-title.elementor-active:after,.elementor-widget-tabs .elementor-tab-desktop-title.elementor-active:before{display:block;content:&#8221;&#8221;;position:absolute}.elementor-widget-tabs .elementor-tab-desktop-title:focus-visible{border:1px solid #000}.elementor-widget-tabs .elementor-tab-mobile-title{padding:10px;cursor:pointer}.elementor-widget-tabs .elementor-tab-content{padding:20px;display:none}@media (max-width:767px){.elementor-tabs .elementor-tab-content,.elementor-tabs .elementor-tab-title{border-style:solid solid none}.elementor-tabs .elementor-tabs-wrapper{display:none}.elementor-tabs .elementor-tabs-content-wrapper{border-bottom-style:solid}.elementor-tabs .elementor-tab-content{padding:10px}}@media (min-width:768px){.elementor-widget-tabs.elementor-tabs-view-vertical .elementor-tabs{display:-webkit-box;display:-ms-flexbox;display:flex}.elementor-widget-tabs.elementor-tabs-view-vertical .elementor-tabs-wrapper{-webkit-box-orient:vertical;-webkit-box-direction:normal;-ms-flex-direction:column;flex-direction:column}.elementor-widget-tabs.elementor-tabs-view-vertical .elementor-tabs-content-wrapper{-webkit-box-flex:1;-ms-flex-positive:1;flex-grow:1;border-style:solid solid solid none}.elementor-widget-tabs.elementor-tabs-view-horizontal [&hellip;]<\/p>\n","protected":false},"author":658,"featured_media":0,"parent":0,"menu_order":0,"comment_status":"closed","ping_status":"closed","template":"","meta":{"footnotes":""},"class_list":["post-1500","page","type-page","status-publish","hentry"],"_links":{"self":[{"href":"https:\/\/atauni.edu.tr\/dis-iliskiler-ofisi\/wp-json\/wp\/v2\/pages\/1500","targetHints":{"allow":["GET"]}}],"collection":[{"href":"https:\/\/atauni.edu.tr\/dis-iliskiler-ofisi\/wp-json\/wp\/v2\/pages"}],"about":[{"href":"https:\/\/atauni.edu.tr\/dis-iliskiler-ofisi\/wp-json\/wp\/v2\/types\/page"}],"author":[{"embeddable":true,"href":"https:\/\/atauni.edu.tr\/dis-iliskiler-ofisi\/wp-json\/wp\/v2\/users\/658"}],"replies":[{"embeddable":true,"href":"https:\/\/atauni.edu.tr\/dis-iliskiler-ofisi\/wp-json\/wp\/v2\/comments?post=1500"}],"version-history":[{"count":0,"href":"https:\/\/atauni.edu.tr\/dis-iliskiler-ofisi\/wp-json\/wp\/v2\/pages\/1500\/revisions"}],"wp:attachment":[{"href":"https:\/\/atauni.edu.tr\/dis-iliskiler-ofisi\/wp-json\/wp\/v2\/media?parent=1500"}],"curies":[{"name":"wp","href":"https:\/\/api.w.org\/{rel}","templated":true}]}}